{"id":334,"date":"2025-05-03T09:10:32","date_gmt":"2025-05-03T09:10:32","guid":{"rendered":"https:\/\/lerameau-psychotherapie.fr\/?page_id=334"},"modified":"2025-11-24T19:43:52","modified_gmt":"2025-11-24T19:43:52","slug":"seminaires","status":"publish","type":"page","link":"https:\/\/lerameau-psychotherapie.fr\/?page_id=334","title":{"rendered":"S\u00e9minaires"},"content":{"rendered":"\t\t<div data-elementor-type=\"wp-page\" data-elementor-id=\"334\" class=\"elementor elementor-334\" data-elementor-post-type=\"page\">\n\t\t\t\t<div class=\"elementor-element elementor-element-4f7ca2d e-flex e-con-boxed e-con e-parent\" data-id=\"4f7ca2d\" data-element_type=\"container\" data-e-type=\"container\" data-settings=\"{&quot;background_background&quot;:&quot;classic&quot;}\">\n\t\t\t\t\t<div class=\"e-con-inner\">\n\t\t\t\t<div class=\"elementor-element elementor-element-ea00620 elementor-widget elementor-widget-heading\" data-id=\"ea00620\" data-element_type=\"widget\" data-e-type=\"widget\" data-widget_type=\"heading.default\">\n\t\t\t\t<div class=\"elementor-widget-container\">\n\t\t\t\t\t<h1 class=\"elementor-heading-title elementor-size-default\">LE RAMEAU<\/h1>\t\t\t\t<\/div>\n\t\t\t\t<\/div>\n\t\t\t\t<div class=\"elementor-element elementor-element-71fd395 elementor-widget elementor-widget-heading\" data-id=\"71fd395\" data-element_type=\"widget\" data-e-type=\"widget\" data-widget_type=\"heading.default\">\n\t\t\t\t<div class=\"elementor-widget-container\">\n\t\t\t\t\t<h2 class=\"elementor-heading-title elementor-size-default\">S\u00e9minaires<\/h2>\t\t\t\t<\/div>\n\t\t\t\t<\/div>\n\t\t\t\t\t<\/div>\n\t\t\t\t<\/div>\n\t\t<div class=\"elementor-element elementor-element-df45de9 e-flex e-con-boxed e-con e-parent\" data-id=\"df45de9\" data-element_type=\"container\" data-e-type=\"container\" data-settings=\"{&quot;background_background&quot;:&quot;classic&quot;}\">\n\t\t\t\t\t<div class=\"e-con-inner\">\n\t\t<div class=\"elementor-element elementor-element-b1f43f0 e-con-full e-flex e-con e-child\" data-id=\"b1f43f0\" data-element_type=\"container\" data-e-type=\"container\">\n\t\t\t\t<div class=\"elementor-element elementor-element-84daa5d elementor-widget elementor-widget-heading\" data-id=\"84daa5d\" data-element_type=\"widget\" data-e-type=\"widget\" data-widget_type=\"heading.default\">\n\t\t\t\t<div class=\"elementor-widget-container\">\n\t\t\t\t\t<h2 class=\"elementor-heading-title elementor-size-default\">Les s\u00e9minaires du Rameau<\/h2>\t\t\t\t<\/div>\n\t\t\t\t<\/div>\n\t\t\t\t<div class=\"elementor-element elementor-element-d7eeb5c elementor-widget elementor-widget-text-editor\" data-id=\"d7eeb5c\" data-element_type=\"widget\" data-e-type=\"widget\" data-widget_type=\"text-editor.default\">\n\t\t\t\t<div class=\"elementor-widget-container\">\n\t\t\t\t\t\t\t\t\t<div dir=\"auto\">Trois formations construites sur des principes et non sur des techniques. Avec une vision : transmettre et accompagner les enfants de Dieu vers la maturit\u00e9 d&rsquo;une identit\u00e9 restaur\u00e9e.\u00a0<\/div>\t\t\t\t\t\t\t\t<\/div>\n\t\t\t\t<\/div>\n\t\t\t\t<\/div>\n\t\t\t\t\t<\/div>\n\t\t\t\t<\/div>\n\t\t<div class=\"elementor-element elementor-element-f077a08 e-flex e-con-boxed e-con e-parent\" data-id=\"f077a08\" data-element_type=\"container\" data-e-type=\"container\" data-settings=\"{&quot;background_background&quot;:&quot;classic&quot;}\">\n\t\t\t\t\t<div class=\"e-con-inner\">\n\t\t<div class=\"elementor-element elementor-element-5f7aa59 e-con-full e-flex e-con e-child\" data-id=\"5f7aa59\" data-element_type=\"container\" data-e-type=\"container\">\n\t\t\t\t<div class=\"elementor-element elementor-element-ceb7f0d elementor-widget elementor-widget-heading\" data-id=\"ceb7f0d\" data-element_type=\"widget\" data-e-type=\"widget\" data-widget_type=\"heading.default\">\n\t\t\t\t<div class=\"elementor-widget-container\">\n\t\t\t\t\t<h2 class=\"elementor-heading-title elementor-size-default\">Porte du fruit en ta saison\n<\/h2>\t\t\t\t<\/div>\n\t\t\t\t<\/div>\n\t\t\t\t<div class=\"elementor-element elementor-element-9484ebb elementor-widget elementor-widget-text-editor\" data-id=\"9484ebb\" data-element_type=\"widget\" data-e-type=\"widget\" data-widget_type=\"text-editor.default\">\n\t\t\t\t<div class=\"elementor-widget-container\">\n\t\t\t\t\t\t\t\t\t<div dir=\"auto\"><div dir=\"auto\"><div dir=\"auto\">Les \u00e9crits bibliques associent l&rsquo;homme \u00e0 un arbre ( Ps. 1 ) appel\u00e9 \u00e0 cro\u00eetre dans sa sp\u00e9cificit\u00e9 et \u00e0 porter du fruit.<\/div><div dir=\"auto\">\u00a0<\/div><div dir=\"auto\">De la graine aux fruits&#8230; Nous prendrons toutes les \u00e9tapes de la maturation de l&rsquo;arbre dans la nature, en faisant le parall\u00e8le avec la construction de notre identit\u00e9, notre &lt;&lt; Je suis &gt;&gt; , sur le plan psychique et spirituel.<\/div><div dir=\"auto\">\u00a0<\/div><div dir=\"auto\">Quel est le sens des deux arbres fondamentaux en Eden et leur symbolique dans l&rsquo;\u00e9quilibre entre la connaissance intuitive et rationnelle ? Dans la graine, comment s&rsquo;activent les douleurs de la toute petite enfance ? Ai-je d\u00e9velopp\u00e9 la racine de la mentalit\u00e9 &lt;&lt; d&rsquo;esclave &gt;&gt; ? Mon tronc est-il fragilis\u00e9 par des agressions pass\u00e9es ? Quels fruits ai-je d\u00e9velopp\u00e9 ?<\/div><div dir=\"auto\">\u00a0<\/div><div dir=\"auto\">Chaque participant pourra exp\u00e9rimenter l&rsquo;appropriation et l&rsquo;application de l&rsquo;enseignement \u00e0 sa propre vie. Il sera guid\u00e9 pour repr\u00e9senter, pas \u00e0 pas, la projection de l&rsquo;arbre, qu&rsquo;il pense \u00eatre aujourd&rsquo;hui.<\/div><\/div><\/div>\t\t\t\t\t\t\t\t<\/div>\n\t\t\t\t<\/div>\n\t\t\t\t<\/div>\n\t\t<div class=\"elementor-element elementor-element-1cc63dd e-con-full e-flex e-con e-child\" data-id=\"1cc63dd\" data-element_type=\"container\" data-e-type=\"container\">\n\t\t\t\t<div class=\"elementor-element elementor-element-2c383d7 elementor-widget elementor-widget-image\" data-id=\"2c383d7\" data-element_type=\"widget\" data-e-type=\"widget\" data-widget_type=\"image.default\">\n\t\t\t\t<div class=\"elementor-widget-container\">\n\t\t\t\t\t\t\t\t\t\t\t\t\t\t\t<img fetchpriority=\"high\" decoding=\"async\" width=\"332\" height=\"190\" src=\"https:\/\/lerameau-psychotherapie.fr\/wp-content\/uploads\/2025\/05\/ARBRE.jpg\" class=\"attachment-1536x1536 size-1536x1536 wp-image-485\" alt=\"illustration\" srcset=\"https:\/\/lerameau-psychotherapie.fr\/wp-content\/uploads\/2025\/05\/ARBRE.jpg 332w, https:\/\/lerameau-psychotherapie.fr\/wp-content\/uploads\/2025\/05\/ARBRE-300x172.jpg 300w\" sizes=\"(max-width: 332px) 100vw, 332px\" \/>\t\t\t\t\t\t\t\t\t\t\t\t\t\t\t<\/div>\n\t\t\t\t<\/div>\n\t\t\t\t<\/div>\n\t\t\t\t\t<\/div>\n\t\t\t\t<\/div>\n\t\t<div class=\"elementor-element elementor-element-8eb69e8 e-flex e-con-boxed e-con e-parent\" data-id=\"8eb69e8\" data-element_type=\"container\" data-e-type=\"container\" data-settings=\"{&quot;background_background&quot;:&quot;classic&quot;}\">\n\t\t\t\t\t<div class=\"e-con-inner\">\n\t\t<div class=\"elementor-element elementor-element-a34495e e-con-full e-flex e-con e-child\" data-id=\"a34495e\" data-element_type=\"container\" data-e-type=\"container\">\n\t\t\t\t<div class=\"elementor-element elementor-element-324035e elementor-widget elementor-widget-image\" data-id=\"324035e\" data-element_type=\"widget\" data-e-type=\"widget\" data-widget_type=\"image.default\">\n\t\t\t\t<div class=\"elementor-widget-container\">\n\t\t\t\t\t\t\t\t\t\t\t\t\t\t\t<img decoding=\"async\" width=\"485\" height=\"255\" src=\"https:\/\/lerameau-psychotherapie.fr\/wp-content\/uploads\/2025\/05\/LIMITES.jpg\" class=\"attachment-2048x2048 size-2048x2048 wp-image-484\" alt=\"illustration\" srcset=\"https:\/\/lerameau-psychotherapie.fr\/wp-content\/uploads\/2025\/05\/LIMITES.jpg 485w, https:\/\/lerameau-psychotherapie.fr\/wp-content\/uploads\/2025\/05\/LIMITES-300x158.jpg 300w\" sizes=\"(max-width: 485px) 100vw, 485px\" \/>\t\t\t\t\t\t\t\t\t\t\t\t\t\t\t<\/div>\n\t\t\t\t<\/div>\n\t\t\t\t<\/div>\n\t\t<div class=\"elementor-element elementor-element-2b6fc50 e-con-full e-flex e-con e-child\" data-id=\"2b6fc50\" data-element_type=\"container\" data-e-type=\"container\">\n\t\t\t\t<div class=\"elementor-element elementor-element-4b715d1 elementor-widget elementor-widget-heading\" data-id=\"4b715d1\" data-element_type=\"widget\" data-e-type=\"widget\" data-widget_type=\"heading.default\">\n\t\t\t\t<div class=\"elementor-widget-container\">\n\t\t\t\t\t<h2 class=\"elementor-heading-title elementor-size-default\">La gestion des limites <\/h2>\t\t\t\t<\/div>\n\t\t\t\t<\/div>\n\t\t\t\t<div class=\"elementor-element elementor-element-0cb09ed elementor-widget elementor-widget-text-editor\" data-id=\"0cb09ed\" data-element_type=\"widget\" data-e-type=\"widget\" data-widget_type=\"text-editor.default\">\n\t\t\t\t<div class=\"elementor-widget-container\">\n\t\t\t\t\t\t\t\t\t<div dir=\"auto\"><div dir=\"auto\">La libert\u00e9 de l&rsquo;homme et son libre arbitre occupent une place privil\u00e9gi\u00e9e dans les \u00abstatuts\u00bb que Mo\u00efse voulut \u00e9difier avec les H\u00e9breux. L&rsquo;introduction au Dix Commandements\u00a0 parle de libert\u00e9 en ces termes : Je suis l&rsquo;\u00c9ternel, ton Dieu, qui t&rsquo;ai fait sortir du pays Egypte, d&rsquo;une maison d&rsquo;esclavage ( Ex. 20 )<\/div><div dir=\"auto\">\u00a0<\/div><div dir=\"auto\">Dieu, place donc les hommes devant leur libert\u00e9 et leur responsabilit\u00e9. Il soutient la d\u00e9marche individuelle et collective o\u00f9 le mot maturit\u00e9 c\u00f4toie la saine capacit\u00e9 \u00e0 poser et g\u00e9rer des limites.<\/div><div dir=\"auto\">\u00a0<\/div><div dir=\"auto\">Comment appr\u00e9hender ce concept qui d\u00e9coule de la nature m\u00eame de Dieu ? Identifier les manipulateurs et leurs strat\u00e9gies ? Reconna\u00eetre les signes de l&rsquo;abus spirituel ? R\u00e9agir face au harc\u00e8lement moral ? Identifier les fausses croyances, pour grandir vers la libert\u00e9, en tant qu&rsquo;enfant de Dieu ?<\/div><\/div>\t\t\t\t\t\t\t\t<\/div>\n\t\t\t\t<\/div>\n\t\t\t\t<\/div>\n\t\t\t\t\t<\/div>\n\t\t\t\t<\/div>\n\t\t<div class=\"elementor-element elementor-element-7faa1cc e-flex e-con-boxed e-con e-parent\" data-id=\"7faa1cc\" data-element_type=\"container\" data-e-type=\"container\" data-settings=\"{&quot;background_background&quot;:&quot;classic&quot;}\">\n\t\t\t\t\t<div class=\"e-con-inner\">\n\t\t<div class=\"elementor-element elementor-element-70d2feb e-flex e-con-boxed e-con e-child\" data-id=\"70d2feb\" data-element_type=\"container\" data-e-type=\"container\">\n\t\t\t\t\t<div class=\"e-con-inner\">\n\t\t\t\t<div class=\"elementor-element elementor-element-3c1d7c6 elementor-widget elementor-widget-heading\" data-id=\"3c1d7c6\" data-element_type=\"widget\" data-e-type=\"widget\" data-widget_type=\"heading.default\">\n\t\t\t\t<div class=\"elementor-widget-container\">\n\t\t\t\t\t<h2 class=\"elementor-heading-title elementor-size-default\">Identit\u00e9 et maturit\u00e9 <\/h2>\t\t\t\t<\/div>\n\t\t\t\t<\/div>\n\t\t\t\t<div class=\"elementor-element elementor-element-b15339f elementor-widget elementor-widget-text-editor\" data-id=\"b15339f\" data-element_type=\"widget\" data-e-type=\"widget\" data-widget_type=\"text-editor.default\">\n\t\t\t\t<div class=\"elementor-widget-container\">\n\t\t\t\t\t\t\t\t\t<div dir=\"auto\"><div dir=\"auto\"><div dir=\"auto\">La vie terrestre de l&rsquo;\u00eatre humain, et plus sp\u00e9cifiquement du chr\u00e9tien, peut \u00eatre compar\u00e9e \u00e0 un voyage ( 1 Pierre ) . Nous arrivons avec une identit\u00e9 et allons franchir des \u00e9tapes pour entrer dans notre destin\u00e9e. La Parole de Dieu nous indique 6 \u00e9tapes que nous serons encourag\u00e9s \u00e0 parcourir, sur les plans psychologique et spirituel pour devenir, en notre temps, des \u00abp\u00e8res et des m\u00e8res spirituelles\u00bb<\/div><div dir=\"auto\">\u00a0<\/div><div dir=\"auto\">Dieu a-t-Il d\u00e9fini les \u00e9tapes de la vie d&rsquo;une femme comme celles d&rsquo;un homme ? Comment \u00e9tablit-Il le principe d&rsquo;autorit\u00e9 ? Que veut dire \u00eatre un p\u00e8re ou une m\u00e8re spirituelle ? Y-a-t-il encore des blessures dans ma propre vie qui freinent ma marche vers la maturit\u00e9 ? &#8230;\u00a0<\/div><\/div><\/div>\t\t\t\t\t\t\t\t<\/div>\n\t\t\t\t<\/div>\n\t\t\t\t\t<\/div>\n\t\t\t\t<\/div>\n\t\t<div class=\"elementor-element elementor-element-3b70159 e-con-full e-flex e-con e-child\" data-id=\"3b70159\" data-element_type=\"container\" data-e-type=\"container\">\n\t\t\t\t<div class=\"elementor-element elementor-element-5112f8d elementor-widget elementor-widget-image\" data-id=\"5112f8d\" data-element_type=\"widget\" data-e-type=\"widget\" data-widget_type=\"image.default\">\n\t\t\t\t<div class=\"elementor-widget-container\">\n\t\t\t\t\t\t\t\t\t\t\t\t\t\t\t<img decoding=\"async\" width=\"224\" height=\"369\" src=\"https:\/\/lerameau-psychotherapie.fr\/wp-content\/uploads\/2025\/05\/MATURITE.jpg\" class=\"attachment-1536x1536 size-1536x1536 wp-image-483\" alt=\"illustration\" srcset=\"https:\/\/lerameau-psychotherapie.fr\/wp-content\/uploads\/2025\/05\/MATURITE.jpg 224w, https:\/\/lerameau-psychotherapie.fr\/wp-content\/uploads\/2025\/05\/MATURITE-182x300.jpg 182w\" sizes=\"(max-width: 224px) 100vw, 224px\" \/>\t\t\t\t\t\t\t\t\t\t\t\t\t\t\t<\/div>\n\t\t\t\t<\/div>\n\t\t\t\t<\/div>\n\t\t\t\t\t<\/div>\n\t\t\t\t<\/div>\n\t\t<div class=\"elementor-element elementor-element-bb0d4a6 e-flex e-con-boxed e-con e-parent\" data-id=\"bb0d4a6\" data-element_type=\"container\" data-e-type=\"container\" data-settings=\"{&quot;background_background&quot;:&quot;classic&quot;}\">\n\t\t\t\t\t<div class=\"e-con-inner\">\n\t\t<div class=\"elementor-element elementor-element-c7a0f9c e-con-full e-flex e-con e-child\" data-id=\"c7a0f9c\" data-element_type=\"container\" data-e-type=\"container\">\n\t\t\t\t<div class=\"elementor-element elementor-element-beffe18 elementor-widget elementor-widget-heading\" data-id=\"beffe18\" data-element_type=\"widget\" data-e-type=\"widget\" data-widget_type=\"heading.default\">\n\t\t\t\t<div class=\"elementor-widget-container\">\n\t\t\t\t\t<h2 class=\"elementor-heading-title elementor-size-default\">Prochaines dates<\/h2>\t\t\t\t<\/div>\n\t\t\t\t<\/div>\n\t\t\t\t<div class=\"elementor-element elementor-element-e1554f3 elementor-widget elementor-widget-text-editor\" data-id=\"e1554f3\" data-element_type=\"widget\" data-e-type=\"widget\" data-widget_type=\"text-editor.default\">\n\t\t\t\t<div class=\"elementor-widget-container\">\n\t\t\t\t\t\t\t\t\t<p><strong>&#8211; La gestion des limites<\/strong> : 28 &#8211; 29 Mars 2026 \u00e0 Valence (26)<\/p><p><strong>&#8211; Identit\u00e9 et maturit\u00e9 de l&rsquo;homme et de la femme<\/strong> : 10 &#8211; 11 Octobre 2026 \u00e0 Grenoble (38)<\/p><p><strong>&#8211; Porte du fruit en ta saison<\/strong> : 20 &#8211; 21 Mars 2027 \u00e0 Valence (26)<\/p>\t\t\t\t\t\t\t\t<\/div>\n\t\t\t\t<\/div>\n\t\t\t\t<\/div>\n\t\t\t\t\t<\/div>\n\t\t\t\t<\/div>\n\t\t<div class=\"elementor-element elementor-element-88250bc e-flex e-con-boxed e-con e-parent\" data-id=\"88250bc\" data-element_type=\"container\" data-e-type=\"container\" data-settings=\"{&quot;background_background&quot;:&quot;classic&quot;}\">\n\t\t\t\t\t<div class=\"e-con-inner\">\n\t\t<div class=\"elementor-element elementor-element-ef8e7b6 e-con-full e-flex e-con e-child\" data-id=\"ef8e7b6\" data-element_type=\"container\" data-e-type=\"container\">\n\t\t\t\t<div class=\"elementor-element elementor-element-209b7e4 elementor-widget elementor-widget-heading\" data-id=\"209b7e4\" data-element_type=\"widget\" data-e-type=\"widget\" data-widget_type=\"heading.default\">\n\t\t\t\t<div class=\"elementor-widget-container\">\n\t\t\t\t\t<h2 class=\"elementor-heading-title elementor-size-default\">T\u00e9moignages<\/h2>\t\t\t\t<\/div>\n\t\t\t\t<\/div>\n\t\t\t\t<\/div>\n\t\t\t\t\t<\/div>\n\t\t\t\t<\/div>\n\t\t<div class=\"elementor-element elementor-element-99ad153 e-flex e-con-boxed e-con e-parent\" data-id=\"99ad153\" data-element_type=\"container\" data-e-type=\"container\" data-settings=\"{&quot;background_background&quot;:&quot;classic&quot;}\">\n\t\t\t\t\t<div class=\"e-con-inner\">\n\t\t<div class=\"elementor-element elementor-element-f82d981 e-con-full e-flex e-con e-child\" data-id=\"f82d981\" data-element_type=\"container\" data-e-type=\"container\">\n\t\t\t\t<div class=\"elementor-element elementor-element-68116b1 elementor-widget elementor-widget-heading\" data-id=\"68116b1\" data-element_type=\"widget\" data-e-type=\"widget\" data-widget_type=\"heading.default\">\n\t\t\t\t<div class=\"elementor-widget-container\">\n\t\t\t\t\t<h3 class=\"elementor-heading-title elementor-size-default\">T\u00e9moignages des 3 s\u00e9minaires<\/h3>\t\t\t\t<\/div>\n\t\t\t\t<\/div>\n\t\t\t\t<div class=\"elementor-element elementor-element-af8e641 elementor-testimonial--skin-default elementor-testimonial--layout-image_inline elementor-testimonial--align-center elementor-arrows-yes elementor-pagination-type-bullets elementor-widget elementor-widget-testimonial-carousel\" data-id=\"af8e641\" data-element_type=\"widget\" data-e-type=\"widget\" data-settings=\"{&quot;slides_per_view&quot;:&quot;1&quot;,&quot;space_between&quot;:{&quot;unit&quot;:&quot;px&quot;,&quot;size&quot;:&quot;&quot;,&quot;sizes&quot;:[]},&quot;show_arrows&quot;:&quot;yes&quot;,&quot;pagination&quot;:&quot;bullets&quot;,&quot;speed&quot;:500,&quot;autoplay&quot;:&quot;yes&quot;,&quot;autoplay_speed&quot;:5000,&quot;loop&quot;:&quot;yes&quot;,&quot;pause_on_hover&quot;:&quot;yes&quot;,&quot;pause_on_interaction&quot;:&quot;yes&quot;,&quot;space_between_tablet&quot;:{&quot;unit&quot;:&quot;px&quot;,&quot;size&quot;:10,&quot;sizes&quot;:[]},&quot;space_between_mobile&quot;:{&quot;unit&quot;:&quot;px&quot;,&quot;size&quot;:10,&quot;sizes&quot;:[]}}\" data-widget_type=\"testimonial-carousel.default\">\n\t\t\t\t<div class=\"elementor-widget-container\">\n\t\t\t\t\t\t\t\t\t<div class=\"elementor-swiper\">\n\t\t\t\t\t<div class=\"elementor-main-swiper swiper\" role=\"region\" aria-roledescription=\"carousel\" aria-label=\"Diapositives\">\n\t\t\t\t<div class=\"swiper-wrapper\">\n\t\t\t\t\t\t\t\t\t\t\t<div class=\"swiper-slide\" role=\"group\" aria-roledescription=\"slide\">\n\t\t\t\t\t\t\t\t\t<div class=\"elementor-testimonial\">\n\t\t\t\t\t\t\t<div class=\"elementor-testimonial__content\">\n\t\t\t\t\t<div class=\"elementor-testimonial__text\">\n\t\t\t\t\t\tJe recommande vivement les s\u00e9minaires de Christine Androuin qui ne sont\npas des formations classiques, mais des programmes de transformation.\t\t\t\t\t<\/div>\n\t\t\t\t\t\t\t\t\t<\/div>\n\t\t\t\t\t\t<div class=\"elementor-testimonial__footer\">\n\t\t\t\t\t\t\t\t\t<div class=\"elementor-testimonial__image\">\n\t\t\t\t\t\t<img decoding=\"async\" src=\"https:\/\/lerameau-psychotherapie.fr\/wp-content\/uploads\/2025\/05\/1-1.png\" alt=\"\">\n\t\t\t\t\t\t\t\t\t\t\t<\/div>\n\t\t\t\t\t\t\t\t\t\t\t<\/div>\n\t\t<\/div>\n\t\t\t\t\t\t\t\t<\/div>\n\t\t\t\t\t\t\t\t\t\t\t<div class=\"swiper-slide\" role=\"group\" aria-roledescription=\"slide\">\n\t\t\t\t\t\t\t\t\t<div class=\"elementor-testimonial\">\n\t\t\t\t\t\t\t<div class=\"elementor-testimonial__content\">\n\t\t\t\t\t<div class=\"elementor-testimonial__text\">\n\t\t\t\t\t\tJ\u2019ai \u00e9t\u00e9 personnellement enrichie par les enseignements complets et inspir\u00e9s,\nb\u00e9nie et interpell\u00e9e par les temps de pri\u00e8re et d\u2019\u00e9coute devant Dieu qui m\u2019ont permis de l\u00e2cher prise, pour laisser Dieu gu\u00e9rir mes blessures les plus profondes.\t\t\t\t\t<\/div>\n\t\t\t\t\t\t\t\t\t<\/div>\n\t\t\t\t\t\t<div class=\"elementor-testimonial__footer\">\n\t\t\t\t\t\t\t\t\t<div class=\"elementor-testimonial__image\">\n\t\t\t\t\t\t<img decoding=\"async\" src=\"https:\/\/lerameau-psychotherapie.fr\/wp-content\/uploads\/2025\/05\/1-1.png\" alt=\"\">\n\t\t\t\t\t\t\t\t\t\t\t<\/div>\n\t\t\t\t\t\t\t\t\t\t\t<\/div>\n\t\t<\/div>\n\t\t\t\t\t\t\t\t<\/div>\n\t\t\t\t\t\t\t\t\t\t\t<div class=\"swiper-slide\" role=\"group\" aria-roledescription=\"slide\">\n\t\t\t\t\t\t\t\t\t<div class=\"elementor-testimonial\">\n\t\t\t\t\t\t\t<div class=\"elementor-testimonial__content\">\n\t\t\t\t\t<div class=\"elementor-testimonial__text\">\n\t\t\t\t\t\tCe sont des moments propices o\u00f9 le Saint-Esprit r\u00e9v\u00e8le et travaille dans nos c\u0153urs, pour nous \u00e9purer et nous lib\u00e9rer de tout ce qui peut entraver notre marche avec Christ.\t\t\t\t\t<\/div>\n\t\t\t\t\t\t\t\t\t<\/div>\n\t\t\t\t\t\t<div class=\"elementor-testimonial__footer\">\n\t\t\t\t\t\t\t\t\t<div class=\"elementor-testimonial__image\">\n\t\t\t\t\t\t<img decoding=\"async\" src=\"https:\/\/lerameau-psychotherapie.fr\/wp-content\/uploads\/2025\/05\/1-1.png\" alt=\"\">\n\t\t\t\t\t\t\t\t\t\t\t<\/div>\n\t\t\t\t\t\t\t\t\t\t\t<\/div>\n\t\t<\/div>\n\t\t\t\t\t\t\t\t<\/div>\n\t\t\t\t\t\t\t\t\t\t\t<div class=\"swiper-slide\" role=\"group\" aria-roledescription=\"slide\">\n\t\t\t\t\t\t\t\t\t<div class=\"elementor-testimonial\">\n\t\t\t\t\t\t\t<div class=\"elementor-testimonial__content\">\n\t\t\t\t\t<div class=\"elementor-testimonial__text\">\n\t\t\t\t\t\tChristine et les membres de son \u00e9quipe sont \u00e0 l\u2019\u00e9coute des uns et des autres, disponibles \u00e0 tout moment pour la pri\u00e8re, et sensibles \u00e0 la direction de l\u2019esprit.\t\t\t\t\t<\/div>\n\t\t\t\t\t\t\t\t\t<\/div>\n\t\t\t\t\t\t<div class=\"elementor-testimonial__footer\">\n\t\t\t\t\t\t\t\t\t<div class=\"elementor-testimonial__image\">\n\t\t\t\t\t\t<img decoding=\"async\" src=\"https:\/\/lerameau-psychotherapie.fr\/wp-content\/uploads\/2025\/05\/1-1.png\" alt=\"\">\n\t\t\t\t\t\t\t\t\t\t\t<\/div>\n\t\t\t\t\t\t\t\t\t\t\t<\/div>\n\t\t<\/div>\n\t\t\t\t\t\t\t\t<\/div>\n\t\t\t\t\t\t\t\t\t\t\t<div class=\"swiper-slide\" role=\"group\" aria-roledescription=\"slide\">\n\t\t\t\t\t\t\t\t\t<div class=\"elementor-testimonial\">\n\t\t\t\t\t\t\t<div class=\"elementor-testimonial__content\">\n\t\t\t\t\t<div class=\"elementor-testimonial__text\">\n\t\t\t\t\t\tTout est r\u00e9uni pour favoriser l\u2019impact et les perc\u00e9es spirituelles.\t\t\t\t\t<\/div>\n\t\t\t\t\t\t\t\t\t<\/div>\n\t\t\t\t\t\t<div class=\"elementor-testimonial__footer\">\n\t\t\t\t\t\t\t\t\t<div class=\"elementor-testimonial__image\">\n\t\t\t\t\t\t<img decoding=\"async\" src=\"https:\/\/lerameau-psychotherapie.fr\/wp-content\/uploads\/2025\/05\/1-1.png\" alt=\"\">\n\t\t\t\t\t\t\t\t\t\t\t<\/div>\n\t\t\t\t\t\t\t\t\t\t\t<\/div>\n\t\t<\/div>\n\t\t\t\t\t\t\t\t<\/div>\n\t\t\t\t\t\t\t\t\t<\/div>\n\t\t\t\t\t\t\t\t\t\t\t\t\t\t\t<div class=\"elementor-swiper-button elementor-swiper-button-prev\" role=\"button\" tabindex=\"0\" aria-label=\"Pr\u00e9c\u00e9dent\">\n\t\t\t\t\t\t\t<svg aria-hidden=\"true\" class=\"e-font-icon-svg e-eicon-chevron-left\" viewBox=\"0 0 1000 1000\" xmlns=\"http:\/\/www.w3.org\/2000\/svg\"><path d=\"M646 125C629 125 613 133 604 142L308 442C296 454 292 471 292 487 292 504 296 521 308 533L604 854C617 867 629 875 646 875 663 875 679 871 692 858 704 846 713 829 713 812 713 796 708 779 692 767L438 487 692 225C700 217 708 204 708 187 708 171 704 154 692 142 675 129 663 125 646 125Z\"><\/path><\/svg>\t\t\t\t\t\t<\/div>\n\t\t\t\t\t\t<div class=\"elementor-swiper-button elementor-swiper-button-next\" role=\"button\" tabindex=\"0\" aria-label=\"Suivant\">\n\t\t\t\t\t\t\t<svg aria-hidden=\"true\" class=\"e-font-icon-svg e-eicon-chevron-right\" viewBox=\"0 0 1000 1000\" xmlns=\"http:\/\/www.w3.org\/2000\/svg\"><path d=\"M696 533C708 521 713 504 713 487 713 471 708 454 696 446L400 146C388 133 375 125 354 125 338 125 325 129 313 142 300 154 292 171 292 187 292 204 296 221 308 233L563 492 304 771C292 783 288 800 288 817 288 833 296 850 308 863 321 871 338 875 354 875 371 875 388 867 400 854L696 533Z\"><\/path><\/svg>\t\t\t\t\t\t<\/div>\n\t\t\t\t\t\t\t\t\t\t\t\t\t\t\t\t<div class=\"swiper-pagination\"><\/div>\n\t\t\t\t\t\t\t\t\t\t\t\t<\/div>\n\t\t\t\t<\/div>\n\t\t\t\t\t\t\t\t<\/div>\n\t\t\t\t<\/div>\n\t\t\t\t<\/div>\n\t\t<div class=\"elementor-element elementor-element-b75c03a e-con-full e-flex e-con e-child\" data-id=\"b75c03a\" data-element_type=\"container\" data-e-type=\"container\">\n\t\t\t\t<div class=\"elementor-element elementor-element-dda8700 elementor-widget elementor-widget-heading\" data-id=\"dda8700\" data-element_type=\"widget\" data-e-type=\"widget\" data-widget_type=\"heading.default\">\n\t\t\t\t<div class=\"elementor-widget-container\">\n\t\t\t\t\t<h3 class=\"elementor-heading-title elementor-size-default\"> Au sujet de l'art-th\u00e9rapie<\/h3>\t\t\t\t<\/div>\n\t\t\t\t<\/div>\n\t\t\t\t<div class=\"elementor-element elementor-element-7a005f7 elementor-widget elementor-widget-text-editor\" data-id=\"7a005f7\" data-element_type=\"widget\" data-e-type=\"widget\" data-widget_type=\"text-editor.default\">\n\t\t\t\t<div class=\"elementor-widget-container\">\n\t\t\t\t\t\t\t\t\t<p>Le s\u00e9minaire Porte du fruit en ta saison a permis :<\/p>\t\t\t\t\t\t\t\t<\/div>\n\t\t\t\t<\/div>\n\t\t\t\t<div class=\"elementor-element elementor-element-3af4b2b elementor-testimonial--skin-default elementor-testimonial--layout-image_inline elementor-testimonial--align-center elementor-arrows-yes elementor-pagination-type-bullets elementor-widget elementor-widget-testimonial-carousel\" data-id=\"3af4b2b\" data-element_type=\"widget\" data-e-type=\"widget\" data-settings=\"{&quot;slides_per_view&quot;:&quot;1&quot;,&quot;space_between&quot;:{&quot;unit&quot;:&quot;px&quot;,&quot;size&quot;:&quot;&quot;,&quot;sizes&quot;:[]},&quot;show_arrows&quot;:&quot;yes&quot;,&quot;pagination&quot;:&quot;bullets&quot;,&quot;speed&quot;:500,&quot;autoplay&quot;:&quot;yes&quot;,&quot;autoplay_speed&quot;:5000,&quot;loop&quot;:&quot;yes&quot;,&quot;pause_on_hover&quot;:&quot;yes&quot;,&quot;pause_on_interaction&quot;:&quot;yes&quot;,&quot;space_between_tablet&quot;:{&quot;unit&quot;:&quot;px&quot;,&quot;size&quot;:10,&quot;sizes&quot;:[]},&quot;space_between_mobile&quot;:{&quot;unit&quot;:&quot;px&quot;,&quot;size&quot;:10,&quot;sizes&quot;:[]}}\" data-widget_type=\"testimonial-carousel.default\">\n\t\t\t\t<div class=\"elementor-widget-container\">\n\t\t\t\t\t\t\t\t\t<div class=\"elementor-swiper\">\n\t\t\t\t\t<div class=\"elementor-main-swiper swiper\" role=\"region\" aria-roledescription=\"carousel\" aria-label=\"Diapositives\">\n\t\t\t\t<div class=\"swiper-wrapper\">\n\t\t\t\t\t\t\t\t\t\t\t<div class=\"swiper-slide\" role=\"group\" aria-roledescription=\"slide\">\n\t\t\t\t\t\t\t\t\t<div class=\"elementor-testimonial\">\n\t\t\t\t\t\t\t<div class=\"elementor-testimonial__content\">\n\t\t\t\t\t<div class=\"elementor-testimonial__text\">\n\t\t\t\t\t\tDe prendre conscience des traumatismes et des blessures qui ont pollu\u00e9 mon terrain et m\u2019ont entrav\u00e9, fauss\u00e9 ma v\u00e9ritable relation avec mon Cr\u00e9ateur.\t\t\t\t\t<\/div>\n\t\t\t\t\t\t\t\t\t<\/div>\n\t\t\t\t\t\t<div class=\"elementor-testimonial__footer\">\n\t\t\t\t\t\t\t\t\t<div class=\"elementor-testimonial__image\">\n\t\t\t\t\t\t<img decoding=\"async\" src=\"https:\/\/lerameau-psychotherapie.fr\/wp-content\/uploads\/2025\/05\/1-1.png\" alt=\"\">\n\t\t\t\t\t\t\t\t\t\t\t<\/div>\n\t\t\t\t\t\t\t\t\t\t\t<\/div>\n\t\t<\/div>\n\t\t\t\t\t\t\t\t<\/div>\n\t\t\t\t\t\t\t\t\t\t\t<div class=\"swiper-slide\" role=\"group\" aria-roledescription=\"slide\">\n\t\t\t\t\t\t\t\t\t<div class=\"elementor-testimonial\">\n\t\t\t\t\t\t\t<div class=\"elementor-testimonial__content\">\n\t\t\t\t\t<div class=\"elementor-testimonial__text\">\n\t\t\t\t\t\tDe visualiser par le dessin les probl\u00e9matiques dans ma vie\t\t\t\t\t<\/div>\n\t\t\t\t\t\t\t\t\t<\/div>\n\t\t\t\t\t\t<div class=\"elementor-testimonial__footer\">\n\t\t\t\t\t\t\t\t\t<div class=\"elementor-testimonial__image\">\n\t\t\t\t\t\t<img decoding=\"async\" src=\"https:\/\/lerameau-psychotherapie.fr\/wp-content\/uploads\/2025\/05\/1-1.png\" alt=\"\">\n\t\t\t\t\t\t\t\t\t\t\t<\/div>\n\t\t\t\t\t\t\t\t\t\t\t<\/div>\n\t\t<\/div>\n\t\t\t\t\t\t\t\t<\/div>\n\t\t\t\t\t\t\t\t\t\t\t<div class=\"swiper-slide\" role=\"group\" aria-roledescription=\"slide\">\n\t\t\t\t\t\t\t\t\t<div class=\"elementor-testimonial\">\n\t\t\t\t\t\t\t<div class=\"elementor-testimonial__content\">\n\t\t\t\t\t<div class=\"elementor-testimonial__text\">\n\t\t\t\t\t\tDe prendre conscience de certains sch\u00e9mas de pens\u00e9es\t\t\t\t\t<\/div>\n\t\t\t\t\t\t\t\t\t<\/div>\n\t\t\t\t\t\t<div class=\"elementor-testimonial__footer\">\n\t\t\t\t\t\t\t\t\t<div class=\"elementor-testimonial__image\">\n\t\t\t\t\t\t<img decoding=\"async\" src=\"https:\/\/lerameau-psychotherapie.fr\/wp-content\/uploads\/2025\/05\/1-1.png\" alt=\"\">\n\t\t\t\t\t\t\t\t\t\t\t<\/div>\n\t\t\t\t\t\t\t\t\t\t\t<\/div>\n\t\t<\/div>\n\t\t\t\t\t\t\t\t<\/div>\n\t\t\t\t\t\t\t\t\t\t\t<div class=\"swiper-slide\" role=\"group\" aria-roledescription=\"slide\">\n\t\t\t\t\t\t\t\t\t<div class=\"elementor-testimonial\">\n\t\t\t\t\t\t\t<div class=\"elementor-testimonial__content\">\n\t\t\t\t\t<div class=\"elementor-testimonial__text\">\n\t\t\t\t\t\tCet \u00e9clairage sur l\u2019arbre de l\u2019identit\u00e9, instruit par Christine, conduit par l\u2019Esprit,\nact\u00e9 par le dessin, la pri\u00e8re, le travail en groupe, le soutien des \u00e9quipiers\nquand la souffrance est verbalis\u00e9e. Tout ceci a \u00e9t\u00e9 le d\u00e9but d\u2019un processus de\nlib\u00e9ration, de restauration de ma nouvelle identit\u00e9 en Christ. Voil\u00e0 tout simplement. Mais quelle secousse\u00a0!! Pour marcher diff\u00e9remment avec le Ma\u00eetre.\t\t\t\t\t<\/div>\n\t\t\t\t\t\t\t\t\t<\/div>\n\t\t\t\t\t\t<div class=\"elementor-testimonial__footer\">\n\t\t\t\t\t\t\t\t\t<div class=\"elementor-testimonial__image\">\n\t\t\t\t\t\t<img decoding=\"async\" src=\"https:\/\/lerameau-psychotherapie.fr\/wp-content\/uploads\/2025\/05\/1-1.png\" alt=\"\">\n\t\t\t\t\t\t\t\t\t\t\t<\/div>\n\t\t\t\t\t\t\t\t\t\t\t<\/div>\n\t\t<\/div>\n\t\t\t\t\t\t\t\t<\/div>\n\t\t\t\t\t\t\t\t\t<\/div>\n\t\t\t\t\t\t\t\t\t\t\t\t\t\t\t<div class=\"elementor-swiper-button elementor-swiper-button-prev\" role=\"button\" tabindex=\"0\" aria-label=\"Pr\u00e9c\u00e9dent\">\n\t\t\t\t\t\t\t<svg aria-hidden=\"true\" class=\"e-font-icon-svg e-eicon-chevron-left\" viewBox=\"0 0 1000 1000\" xmlns=\"http:\/\/www.w3.org\/2000\/svg\"><path d=\"M646 125C629 125 613 133 604 142L308 442C296 454 292 471 292 487 292 504 296 521 308 533L604 854C617 867 629 875 646 875 663 875 679 871 692 858 704 846 713 829 713 812 713 796 708 779 692 767L438 487 692 225C700 217 708 204 708 187 708 171 704 154 692 142 675 129 663 125 646 125Z\"><\/path><\/svg>\t\t\t\t\t\t<\/div>\n\t\t\t\t\t\t<div class=\"elementor-swiper-button elementor-swiper-button-next\" role=\"button\" tabindex=\"0\" aria-label=\"Suivant\">\n\t\t\t\t\t\t\t<svg aria-hidden=\"true\" class=\"e-font-icon-svg e-eicon-chevron-right\" viewBox=\"0 0 1000 1000\" xmlns=\"http:\/\/www.w3.org\/2000\/svg\"><path d=\"M696 533C708 521 713 504 713 487 713 471 708 454 696 446L400 146C388 133 375 125 354 125 338 125 325 129 313 142 300 154 292 171 292 187 292 204 296 221 308 233L563 492 304 771C292 783 288 800 288 817 288 833 296 850 308 863 321 871 338 875 354 875 371 875 388 867 400 854L696 533Z\"><\/path><\/svg>\t\t\t\t\t\t<\/div>\n\t\t\t\t\t\t\t\t\t\t\t\t\t\t\t\t<div class=\"swiper-pagination\"><\/div>\n\t\t\t\t\t\t\t\t\t\t\t\t<\/div>\n\t\t\t\t<\/div>\n\t\t\t\t\t\t\t\t<\/div>\n\t\t\t\t<\/div>\n\t\t\t\t<\/div>\n\t\t\t\t\t<\/div>\n\t\t\t\t<\/div>\n\t\t<div class=\"elementor-element elementor-element-87d5a63 e-flex e-con-boxed e-con e-parent\" data-id=\"87d5a63\" data-element_type=\"container\" data-e-type=\"container\" data-settings=\"{&quot;background_background&quot;:&quot;classic&quot;}\">\n\t\t\t\t\t<div class=\"e-con-inner\">\n\t\t<div class=\"elementor-element elementor-element-c51c54f e-con-full e-flex e-con e-child\" data-id=\"c51c54f\" data-element_type=\"container\" data-e-type=\"container\">\n\t\t\t\t<div class=\"elementor-element elementor-element-42ec220 elementor-widget elementor-widget-heading\" data-id=\"42ec220\" data-element_type=\"widget\" data-e-type=\"widget\" data-widget_type=\"heading.default\">\n\t\t\t\t<div class=\"elementor-widget-container\">\n\t\t\t\t\t<h2 class=\"elementor-heading-title elementor-size-default\">Contact<\/h2>\t\t\t\t<\/div>\n\t\t\t\t<\/div>\n\t\t\t\t<div class=\"elementor-element elementor-element-4206618 elementor-widget elementor-widget-text-editor\" data-id=\"4206618\" data-element_type=\"widget\" data-e-type=\"widget\" data-widget_type=\"text-editor.default\">\n\t\t\t\t<div class=\"elementor-widget-container\">\n\t\t\t\t\t\t\t\t\t<p>Des questions ?<br data-start=\"799\" data-end=\"802\" \/>Je suis l\u00e0 pour \u00e9changer avec vous. Chaque rencontre est pr\u00e9cieuse, chaque \u00e9change peut porter du fruit. Contactez-moi librement, je serai heureuse de vous lire.<\/p>\t\t\t\t\t\t\t\t<\/div>\n\t\t\t\t<\/div>\n\t\t\t\t<div class=\"elementor-element elementor-element-aca7515 elementor-align-left elementor-widget elementor-widget-button\" data-id=\"aca7515\" data-element_type=\"widget\" data-e-type=\"widget\" data-widget_type=\"button.default\">\n\t\t\t\t<div class=\"elementor-widget-container\">\n\t\t\t\t\t\t\t\t\t<div class=\"elementor-button-wrapper\">\n\t\t\t\t\t<a class=\"elementor-button elementor-button-link elementor-size-sm\" href=\"https:\/\/lerameau-psychotherapie.fr\/contact\/\">\n\t\t\t\t\t\t<span class=\"elementor-button-content-wrapper\">\n\t\t\t\t\t\t\t\t\t<span class=\"elementor-button-text\">Me contacter<\/span>\n\t\t\t\t\t<\/span>\n\t\t\t\t\t<\/a>\n\t\t\t\t<\/div>\n\t\t\t\t\t\t\t\t<\/div>\n\t\t\t\t<\/div>\n\t\t\t\t<\/div>\n\t\t<div class=\"elementor-element elementor-element-20f2c19 e-con-full e-flex e-con e-child\" data-id=\"20f2c19\" data-element_type=\"container\" data-e-type=\"container\">\n\t\t\t\t<div class=\"elementor-element elementor-element-7ad4e3e elementor-widget elementor-widget-image\" data-id=\"7ad4e3e\" data-element_type=\"widget\" data-e-type=\"widget\" data-widget_type=\"image.default\">\n\t\t\t\t<div class=\"elementor-widget-container\">\n\t\t\t\t\t\t\t\t\t\t\t\t\t\t\t<img loading=\"lazy\" decoding=\"async\" width=\"500\" height=\"500\" src=\"https:\/\/lerameau-psychotherapie.fr\/wp-content\/uploads\/2025\/05\/1-1.png\" class=\"attachment-1536x1536 size-1536x1536 wp-image-489\" alt=\"colombe rameau\" srcset=\"https:\/\/lerameau-psychotherapie.fr\/wp-content\/uploads\/2025\/05\/1-1.png 500w, https:\/\/lerameau-psychotherapie.fr\/wp-content\/uploads\/2025\/05\/1-1-300x300.png 300w, https:\/\/lerameau-psychotherapie.fr\/wp-content\/uploads\/2025\/05\/1-1-150x150.png 150w\" sizes=\"(max-width: 500px) 100vw, 500px\" \/>\t\t\t\t\t\t\t\t\t\t\t\t\t\t\t<\/div>\n\t\t\t\t<\/div>\n\t\t\t\t<\/div>\n\t\t\t\t\t<\/div>\n\t\t\t\t<\/div>\n\t\t\t\t<\/div>\n\t\t","protected":false},"excerpt":{"rendered":"<p>LE RAMEAU S\u00e9minaires Les s\u00e9minaires du Rameau Trois formations construites sur des principes et non sur des techniques. Avec une [&hellip;]<\/p>\n","protected":false},"author":1,"featured_media":0,"parent":0,"menu_order":0,"comment_status":"closed","ping_status":"closed","template":"","meta":{"site-sidebar-layout":"no-sidebar","site-content-layout":"","ast-site-content-layout":"full-width-container","site-content-style":"default","site-sidebar-style":"default","ast-global-header-display":"","ast-banner-title-visibility":"","ast-main-header-display":"","ast-hfb-above-header-display":"","ast-hfb-below-header-display":"","ast-hfb-mobile-header-display":"","site-post-title":"disabled","ast-breadcrumbs-content":"","ast-featured-img":"disabled","footer-sml-layout":"","ast-disable-related-posts":"","theme-transparent-header-meta":"","adv-header-id-meta":"","stick-header-meta":"","header-above-stick-meta":"","header-main-stick-meta":"","header-below-stick-meta":"","astra-migrate-meta-layouts":"default","ast-page-background-enabled":"default","ast-page-background-meta":{"desktop":{"background-color":"var(--ast-global-color-5)","background-image":"","background-repeat":"repeat","background-position":"center center","background-size":"auto","background-attachment":"scroll","background-type":"","background-media":"","overlay-type":"","overlay-color":"","overlay-opacity":"","overlay-gradient":""},"tablet":{"background-color":"","background-image":"","background-repeat":"repeat","background-position":"center center","background-size":"auto","background-attachment":"scroll","background-type":"","background-media":"","overlay-type":"","overlay-color":"","overlay-opacity":"","overlay-gradient":""},"mobile":{"background-color":"","background-image":"","background-repeat":"repeat","background-position":"center center","background-size":"auto","background-attachment":"scroll","background-type":"","background-media":"","overlay-type":"","overlay-color":"","overlay-opacity":"","overlay-gradient":""}},"ast-content-background-meta":{"desktop":{"background-color":"var(--ast-global-color-4)","background-image":"","background-repeat":"repeat","background-position":"center center","background-size":"auto","background-attachment":"scroll","background-type":"","background-media":"","overlay-type":"","overlay-color":"","overlay-opacity":"","overlay-gradient":""},"tablet":{"background-color":"var(--ast-global-color-4)","background-image":"","background-repeat":"repeat","background-position":"center center","background-size":"auto","background-attachment":"scroll","background-type":"","background-media":"","overlay-type":"","overlay-color":"","overlay-opacity":"","overlay-gradient":""},"mobile":{"background-color":"var(--ast-global-color-4)","background-image":"","background-repeat":"repeat","background-position":"center center","background-size":"auto","background-attachment":"scroll","background-type":"","background-media":"","overlay-type":"","overlay-color":"","overlay-opacity":"","overlay-gradient":""}},"footnotes":""},"class_list":["post-334","page","type-page","status-publish","hentry"],"yoast_head":"<!-- This site is optimized with the Yoast SEO plugin v27.3 - https:\/\/yoast.com\/product\/yoast-seo-wordpress\/ -->\n<title>S\u00e9minaires - Le rameau<\/title>\n<meta name=\"description\" content=\"S\u00e9minaires de psychoth\u00e9rapie : des temps forts encadr\u00e9s par des professionnels.\" \/>\n<meta name=\"robots\" content=\"index, follow, max-snippet:-1, max-image-preview:large, max-video-preview:-1\" \/>\n<link rel=\"canonical\" href=\"https:\/\/lerameau-psychotherapie.fr\/?page_id=334\" \/>\n<meta property=\"og:locale\" content=\"fr_FR\" \/>\n<meta property=\"og:type\" content=\"article\" \/>\n<meta property=\"og:title\" content=\"S\u00e9minaires - Le rameau\" \/>\n<meta property=\"og:description\" content=\"S\u00e9minaires de psychoth\u00e9rapie : des temps forts encadr\u00e9s par des professionnels.\" \/>\n<meta property=\"og:url\" content=\"https:\/\/lerameau-psychotherapie.fr\/?page_id=334\" \/>\n<meta property=\"og:site_name\" content=\"Le rameau\" \/>\n<meta property=\"article:modified_time\" content=\"2025-11-24T19:43:52+00:00\" \/>\n<meta property=\"og:image\" content=\"https:\/\/lerameau-psychotherapie.fr\/wp-content\/uploads\/2025\/05\/ARBRE.jpg\" \/>\n<meta name=\"twitter:card\" content=\"summary_large_image\" \/>\n<script type=\"application\/ld+json\" class=\"yoast-schema-graph\">{\"@context\":\"https:\\\/\\\/schema.org\",\"@graph\":[{\"@type\":\"WebPage\",\"@id\":\"https:\\\/\\\/lerameau-psychotherapie.fr\\\/?page_id=334\",\"url\":\"https:\\\/\\\/lerameau-psychotherapie.fr\\\/?page_id=334\",\"name\":\"S\u00e9minaires - Le rameau\",\"isPartOf\":{\"@id\":\"https:\\\/\\\/lerameau-psychotherapie.fr\\\/#website\"},\"primaryImageOfPage\":{\"@id\":\"https:\\\/\\\/lerameau-psychotherapie.fr\\\/?page_id=334#primaryimage\"},\"image\":{\"@id\":\"https:\\\/\\\/lerameau-psychotherapie.fr\\\/?page_id=334#primaryimage\"},\"thumbnailUrl\":\"https:\\\/\\\/lerameau-psychotherapie.fr\\\/wp-content\\\/uploads\\\/2025\\\/05\\\/ARBRE.jpg\",\"datePublished\":\"2025-05-03T09:10:32+00:00\",\"dateModified\":\"2025-11-24T19:43:52+00:00\",\"description\":\"S\u00e9minaires de psychoth\u00e9rapie : des temps forts encadr\u00e9s par des professionnels.\",\"breadcrumb\":{\"@id\":\"https:\\\/\\\/lerameau-psychotherapie.fr\\\/?page_id=334#breadcrumb\"},\"inLanguage\":\"fr-FR\",\"potentialAction\":[{\"@type\":\"ReadAction\",\"target\":[\"https:\\\/\\\/lerameau-psychotherapie.fr\\\/?page_id=334\"]}]},{\"@type\":\"ImageObject\",\"inLanguage\":\"fr-FR\",\"@id\":\"https:\\\/\\\/lerameau-psychotherapie.fr\\\/?page_id=334#primaryimage\",\"url\":\"https:\\\/\\\/lerameau-psychotherapie.fr\\\/wp-content\\\/uploads\\\/2025\\\/05\\\/ARBRE.jpg\",\"contentUrl\":\"https:\\\/\\\/lerameau-psychotherapie.fr\\\/wp-content\\\/uploads\\\/2025\\\/05\\\/ARBRE.jpg\",\"width\":332,\"height\":190,\"caption\":\"illustration\"},{\"@type\":\"BreadcrumbList\",\"@id\":\"https:\\\/\\\/lerameau-psychotherapie.fr\\\/?page_id=334#breadcrumb\",\"itemListElement\":[{\"@type\":\"ListItem\",\"position\":1,\"name\":\"Accueil\",\"item\":\"https:\\\/\\\/lerameau-psychotherapie.fr\\\/\"},{\"@type\":\"ListItem\",\"position\":2,\"name\":\"S\u00e9minaires\"}]},{\"@type\":\"WebSite\",\"@id\":\"https:\\\/\\\/lerameau-psychotherapie.fr\\\/#website\",\"url\":\"https:\\\/\\\/lerameau-psychotherapie.fr\\\/\",\"name\":\"Le rameau\",\"description\":\"Cabinet de Psychoth&eacute;rapie\",\"publisher\":{\"@id\":\"https:\\\/\\\/lerameau-psychotherapie.fr\\\/#organization\"},\"potentialAction\":[{\"@type\":\"SearchAction\",\"target\":{\"@type\":\"EntryPoint\",\"urlTemplate\":\"https:\\\/\\\/lerameau-psychotherapie.fr\\\/?s={search_term_string}\"},\"query-input\":{\"@type\":\"PropertyValueSpecification\",\"valueRequired\":true,\"valueName\":\"search_term_string\"}}],\"inLanguage\":\"fr-FR\"},{\"@type\":\"Organization\",\"@id\":\"https:\\\/\\\/lerameau-psychotherapie.fr\\\/#organization\",\"name\":\"Le rameau\",\"url\":\"https:\\\/\\\/lerameau-psychotherapie.fr\\\/\",\"logo\":{\"@type\":\"ImageObject\",\"inLanguage\":\"fr-FR\",\"@id\":\"https:\\\/\\\/lerameau-psychotherapie.fr\\\/#\\\/schema\\\/logo\\\/image\\\/\",\"url\":\"https:\\\/\\\/lerameau-psychotherapie.fr\\\/wp-content\\\/uploads\\\/2025\\\/04\\\/Sprout-1-1.png\",\"contentUrl\":\"https:\\\/\\\/lerameau-psychotherapie.fr\\\/wp-content\\\/uploads\\\/2025\\\/04\\\/Sprout-1-1.png\",\"width\":456,\"height\":300,\"caption\":\"Le rameau\"},\"image\":{\"@id\":\"https:\\\/\\\/lerameau-psychotherapie.fr\\\/#\\\/schema\\\/logo\\\/image\\\/\"}}]}<\/script>\n<!-- \/ Yoast SEO plugin. -->","yoast_head_json":{"title":"S\u00e9minaires - Le rameau","description":"S\u00e9minaires de psychoth\u00e9rapie : des temps forts encadr\u00e9s par des professionnels.","robots":{"index":"index","follow":"follow","max-snippet":"max-snippet:-1","max-image-preview":"max-image-preview:large","max-video-preview":"max-video-preview:-1"},"canonical":"https:\/\/lerameau-psychotherapie.fr\/?page_id=334","og_locale":"fr_FR","og_type":"article","og_title":"S\u00e9minaires - Le rameau","og_description":"S\u00e9minaires de psychoth\u00e9rapie : des temps forts encadr\u00e9s par des professionnels.","og_url":"https:\/\/lerameau-psychotherapie.fr\/?page_id=334","og_site_name":"Le rameau","article_modified_time":"2025-11-24T19:43:52+00:00","og_image":[{"url":"https:\/\/lerameau-psychotherapie.fr\/wp-content\/uploads\/2025\/05\/ARBRE.jpg","type":"","width":"","height":""}],"twitter_card":"summary_large_image","schema":{"@context":"https:\/\/schema.org","@graph":[{"@type":"WebPage","@id":"https:\/\/lerameau-psychotherapie.fr\/?page_id=334","url":"https:\/\/lerameau-psychotherapie.fr\/?page_id=334","name":"S\u00e9minaires - Le rameau","isPartOf":{"@id":"https:\/\/lerameau-psychotherapie.fr\/#website"},"primaryImageOfPage":{"@id":"https:\/\/lerameau-psychotherapie.fr\/?page_id=334#primaryimage"},"image":{"@id":"https:\/\/lerameau-psychotherapie.fr\/?page_id=334#primaryimage"},"thumbnailUrl":"https:\/\/lerameau-psychotherapie.fr\/wp-content\/uploads\/2025\/05\/ARBRE.jpg","datePublished":"2025-05-03T09:10:32+00:00","dateModified":"2025-11-24T19:43:52+00:00","description":"S\u00e9minaires de psychoth\u00e9rapie : des temps forts encadr\u00e9s par des professionnels.","breadcrumb":{"@id":"https:\/\/lerameau-psychotherapie.fr\/?page_id=334#breadcrumb"},"inLanguage":"fr-FR","potentialAction":[{"@type":"ReadAction","target":["https:\/\/lerameau-psychotherapie.fr\/?page_id=334"]}]},{"@type":"ImageObject","inLanguage":"fr-FR","@id":"https:\/\/lerameau-psychotherapie.fr\/?page_id=334#primaryimage","url":"https:\/\/lerameau-psychotherapie.fr\/wp-content\/uploads\/2025\/05\/ARBRE.jpg","contentUrl":"https:\/\/lerameau-psychotherapie.fr\/wp-content\/uploads\/2025\/05\/ARBRE.jpg","width":332,"height":190,"caption":"illustration"},{"@type":"BreadcrumbList","@id":"https:\/\/lerameau-psychotherapie.fr\/?page_id=334#breadcrumb","itemListElement":[{"@type":"ListItem","position":1,"name":"Accueil","item":"https:\/\/lerameau-psychotherapie.fr\/"},{"@type":"ListItem","position":2,"name":"S\u00e9minaires"}]},{"@type":"WebSite","@id":"https:\/\/lerameau-psychotherapie.fr\/#website","url":"https:\/\/lerameau-psychotherapie.fr\/","name":"Le rameau","description":"Cabinet de Psychoth&eacute;rapie","publisher":{"@id":"https:\/\/lerameau-psychotherapie.fr\/#organization"},"potentialAction":[{"@type":"SearchAction","target":{"@type":"EntryPoint","urlTemplate":"https:\/\/lerameau-psychotherapie.fr\/?s={search_term_string}"},"query-input":{"@type":"PropertyValueSpecification","valueRequired":true,"valueName":"search_term_string"}}],"inLanguage":"fr-FR"},{"@type":"Organization","@id":"https:\/\/lerameau-psychotherapie.fr\/#organization","name":"Le rameau","url":"https:\/\/lerameau-psychotherapie.fr\/","logo":{"@type":"ImageObject","inLanguage":"fr-FR","@id":"https:\/\/lerameau-psychotherapie.fr\/#\/schema\/logo\/image\/","url":"https:\/\/lerameau-psychotherapie.fr\/wp-content\/uploads\/2025\/04\/Sprout-1-1.png","contentUrl":"https:\/\/lerameau-psychotherapie.fr\/wp-content\/uploads\/2025\/04\/Sprout-1-1.png","width":456,"height":300,"caption":"Le rameau"},"image":{"@id":"https:\/\/lerameau-psychotherapie.fr\/#\/schema\/logo\/image\/"}}]}},"_links":{"self":[{"href":"https:\/\/lerameau-psychotherapie.fr\/index.php?rest_route=\/wp\/v2\/pages\/334","targetHints":{"allow":["GET"]}}],"collection":[{"href":"https:\/\/lerameau-psychotherapie.fr\/index.php?rest_route=\/wp\/v2\/pages"}],"about":[{"href":"https:\/\/lerameau-psychotherapie.fr\/index.php?rest_route=\/wp\/v2\/types\/page"}],"author":[{"embeddable":true,"href":"https:\/\/lerameau-psychotherapie.fr\/index.php?rest_route=\/wp\/v2\/users\/1"}],"replies":[{"embeddable":true,"href":"https:\/\/lerameau-psychotherapie.fr\/index.php?rest_route=%2Fwp%2Fv2%2Fcomments&post=334"}],"version-history":[{"count":106,"href":"https:\/\/lerameau-psychotherapie.fr\/index.php?rest_route=\/wp\/v2\/pages\/334\/revisions"}],"predecessor-version":[{"id":682,"href":"https:\/\/lerameau-psychotherapie.fr\/index.php?rest_route=\/wp\/v2\/pages\/334\/revisions\/682"}],"wp:attachment":[{"href":"https:\/\/lerameau-psychotherapie.fr\/index.php?rest_route=%2Fwp%2Fv2%2Fmedia&parent=334"}],"curies":[{"name":"wp","href":"https:\/\/api.w.org\/{rel}","templated":true}]}}