{"id":15,"date":"2025-04-21T09:18:19","date_gmt":"2025-04-21T09:18:19","guid":{"rendered":"https:\/\/lerameau-psychotherapie.fr\/?page_id=15"},"modified":"2025-05-30T14:32:53","modified_gmt":"2025-05-30T14:32:53","slug":"accueil","status":"publish","type":"page","link":"https:\/\/lerameau-psychotherapie.fr\/","title":{"rendered":"Accueil"},"content":{"rendered":"\t\t<div data-elementor-type=\"wp-page\" data-elementor-id=\"15\" class=\"elementor elementor-15\" data-elementor-post-type=\"page\">\n\t\t\t\t<div class=\"elementor-element elementor-element-f9c8992 e-flex e-con-boxed e-con e-parent\" data-id=\"f9c8992\" data-element_type=\"container\" data-e-type=\"container\" data-settings=\"{&quot;background_background&quot;:&quot;classic&quot;}\">\n\t\t\t\t\t<div class=\"e-con-inner\">\n\t\t<div class=\"elementor-element elementor-element-b45e633 e-con-full e-flex e-con e-child\" data-id=\"b45e633\" data-element_type=\"container\" data-e-type=\"container\">\n\t\t\t\t<div class=\"elementor-element elementor-element-f26a6ec elementor-widget elementor-widget-heading\" data-id=\"f26a6ec\" data-element_type=\"widget\" data-e-type=\"widget\" data-widget_type=\"heading.default\">\n\t\t\t\t<div class=\"elementor-widget-container\">\n\t\t\t\t\t<h2 class=\"elementor-heading-title elementor-size-default\">LE RAMEAU<\/h2>\t\t\t\t<\/div>\n\t\t\t\t<\/div>\n\t\t\t\t<div class=\"elementor-element elementor-element-ff6284e elementor-widget elementor-widget-heading\" data-id=\"ff6284e\" data-element_type=\"widget\" data-e-type=\"widget\" data-widget_type=\"heading.default\">\n\t\t\t\t<div class=\"elementor-widget-container\">\n\t\t\t\t\t<h1 class=\"elementor-heading-title elementor-size-default\">Cabinet de psychoth\u00e9rapie <\/h1>\t\t\t\t<\/div>\n\t\t\t\t<\/div>\n\t\t\t\t<div class=\"elementor-element elementor-element-d0d205f elementor-widget elementor-widget-heading\" data-id=\"d0d205f\" data-element_type=\"widget\" data-e-type=\"widget\" data-widget_type=\"heading.default\">\n\t\t\t\t<div class=\"elementor-widget-container\">\n\t\t\t\t\t<h2 class=\"elementor-heading-title elementor-size-default\">Formations<\/h2>\t\t\t\t<\/div>\n\t\t\t\t<\/div>\n\t\t\t\t<\/div>\n\t\t\t\t\t<\/div>\n\t\t\t\t<\/div>\n\t\t<div class=\"elementor-element elementor-element-5a9ae2a e-flex e-con-boxed e-con e-parent\" data-id=\"5a9ae2a\" data-element_type=\"container\" data-e-type=\"container\" data-settings=\"{&quot;background_background&quot;:&quot;classic&quot;}\">\n\t\t\t\t\t<div class=\"e-con-inner\">\n\t\t<div class=\"elementor-element elementor-element-6ba84f8 e-con-full e-flex e-con e-child\" data-id=\"6ba84f8\" data-element_type=\"container\" data-e-type=\"container\">\n\t\t\t\t<div class=\"elementor-element elementor-element-e0405ba elementor-widget elementor-widget-heading\" data-id=\"e0405ba\" data-element_type=\"widget\" data-e-type=\"widget\" data-widget_type=\"heading.default\">\n\t\t\t\t<div class=\"elementor-widget-container\">\n\t\t\t\t\t<h2 class=\"elementor-heading-title elementor-size-default\">Bienvenue au Rameau<\/h2>\t\t\t\t<\/div>\n\t\t\t\t<\/div>\n\t\t\t\t<div class=\"elementor-element elementor-element-8d48cc0 elementor-widget elementor-widget-text-editor\" data-id=\"8d48cc0\" data-element_type=\"widget\" data-e-type=\"widget\" data-widget_type=\"text-editor.default\">\n\t\t\t\t<div class=\"elementor-widget-container\">\n\t\t\t\t\t\t\t\t\t<p>Je vous souhaite la bienvenue au Rameau, un engagement au service de la vie.<\/p><ul><li>Si vous traversez actuellement une p\u00e9riode difficile, une main tendue vous est propos\u00e9e par le travail de psychoth\u00e9rapie, en Cabinet lib\u00e9ral ou par t\u00e9l\u00e9phone. Il prend en compte les facteurs physiques, psychiques, sociaux et spirituels du patient, ainsi que sa parole (approche Rog\u00e9rienne).<br \/><br \/><\/li><li>Si vous d\u00e9sirez \u00eatre inform\u00e9(e) des dates de formation ou me contacter pour un projet sp\u00e9cifique, je vous invite \u00e0 me laisser un message en cliquant sur \u00ab\u00a0contact\u00a0\u00bb.<\/li><\/ul>\t\t\t\t\t\t\t\t<\/div>\n\t\t\t\t<\/div>\n\t\t\t\t<div class=\"elementor-element elementor-element-c849494 elementor-align-left elementor-widget elementor-widget-button\" data-id=\"c849494\" data-element_type=\"widget\" data-e-type=\"widget\" data-widget_type=\"button.default\">\n\t\t\t\t<div class=\"elementor-widget-container\">\n\t\t\t\t\t\t\t\t\t<div class=\"elementor-button-wrapper\">\n\t\t\t\t\t<a class=\"elementor-button elementor-button-link elementor-size-sm\" href=\"https:\/\/lerameau-psychotherapie.fr\/contact\/\">\n\t\t\t\t\t\t<span class=\"elementor-button-content-wrapper\">\n\t\t\t\t\t\t\t\t\t<span class=\"elementor-button-text\">Me contacter<\/span>\n\t\t\t\t\t<\/span>\n\t\t\t\t\t<\/a>\n\t\t\t\t<\/div>\n\t\t\t\t\t\t\t\t<\/div>\n\t\t\t\t<\/div>\n\t\t\t\t<\/div>\n\t\t<div class=\"elementor-element elementor-element-5ee9063 e-con-full e-flex e-con e-child\" data-id=\"5ee9063\" data-element_type=\"container\" data-e-type=\"container\">\n\t\t\t\t<div class=\"elementor-element elementor-element-540433c elementor-widget elementor-widget-image\" data-id=\"540433c\" data-element_type=\"widget\" data-e-type=\"widget\" data-widget_type=\"image.default\">\n\t\t\t\t<div class=\"elementor-widget-container\">\n\t\t\t\t\t\t\t\t\t\t\t\t\t\t\t<img fetchpriority=\"high\" decoding=\"async\" width=\"1536\" height=\"1025\" src=\"https:\/\/lerameau-psychotherapie.fr\/wp-content\/uploads\/2025\/05\/36733-1536x1025.jpg\" class=\"attachment-1536x1536 size-1536x1536 wp-image-330\" alt=\"arbre ensoleill\u00e9\" srcset=\"https:\/\/lerameau-psychotherapie.fr\/wp-content\/uploads\/2025\/05\/36733-1536x1025.jpg 1536w, https:\/\/lerameau-psychotherapie.fr\/wp-content\/uploads\/2025\/05\/36733-300x200.jpg 300w, https:\/\/lerameau-psychotherapie.fr\/wp-content\/uploads\/2025\/05\/36733-1024x684.jpg 1024w, https:\/\/lerameau-psychotherapie.fr\/wp-content\/uploads\/2025\/05\/36733-768x513.jpg 768w, https:\/\/lerameau-psychotherapie.fr\/wp-content\/uploads\/2025\/05\/36733.jpg 1900w\" sizes=\"(max-width: 1536px) 100vw, 1536px\" \/>\t\t\t\t\t\t\t\t\t\t\t\t\t\t\t<\/div>\n\t\t\t\t<\/div>\n\t\t\t\t<div class=\"elementor-element elementor-element-af75493 elementor-widget elementor-widget-text-editor\" data-id=\"af75493\" data-element_type=\"widget\" data-e-type=\"widget\" data-widget_type=\"text-editor.default\">\n\t\t\t\t<div class=\"elementor-widget-container\">\n\t\t\t\t\t\t\t\t\t<p><em>\u00ab La psychoth\u00e9rapie est davantage qu\u2019une simple technique dans la mesure o\u00f9 elle est d\u2019abord un art, et sa sagesse consiste \u00e0 se situer au-del\u00e0 de la science \u00bb<\/em> <strong>(V. Frankl, psychiatre).<\/strong><\/p>\t\t\t\t\t\t\t\t<\/div>\n\t\t\t\t<\/div>\n\t\t\t\t<\/div>\n\t\t\t\t\t<\/div>\n\t\t\t\t<\/div>\n\t\t<div class=\"elementor-element elementor-element-2089082 e-flex e-con-boxed e-con e-parent\" data-id=\"2089082\" data-element_type=\"container\" data-e-type=\"container\" data-settings=\"{&quot;background_background&quot;:&quot;classic&quot;}\">\n\t\t\t\t\t<div class=\"e-con-inner\">\n\t\t<div class=\"elementor-element elementor-element-de0e6e1 e-flex e-con-boxed e-con e-child\" data-id=\"de0e6e1\" data-element_type=\"container\" data-e-type=\"container\">\n\t\t\t\t\t<div class=\"e-con-inner\">\n\t\t\t\t<div class=\"elementor-element elementor-element-472842d elementor-widget elementor-widget-heading\" data-id=\"472842d\" data-element_type=\"widget\" data-e-type=\"widget\" data-widget_type=\"heading.default\">\n\t\t\t\t<div class=\"elementor-widget-container\">\n\t\t\t\t\t<h2 class=\"elementor-heading-title elementor-size-default\">Accompagnement<\/h2>\t\t\t\t<\/div>\n\t\t\t\t<\/div>\n\t\t\t\t<div class=\"elementor-element elementor-element-3e42e44 elementor-widget elementor-widget-text-editor\" data-id=\"3e42e44\" data-element_type=\"widget\" data-e-type=\"widget\" data-widget_type=\"text-editor.default\">\n\t\t\t\t<div class=\"elementor-widget-container\">\n\t\t\t\t\t\t\t\t\t<p>Les objectifs sont divers et s\u2019orientent dans un premier temps sur les d\u00e9sirs conscientis\u00e9s du patient : comprendre un fonctionnement, r\u00e9duire un sympt\u00f4me, r\u00e9guler des \u00e9motions, adapter un comportement\u2026 Travailler dans tous les cas \u00e0 am\u00e9liorer le bien \u00eatre de la personne et<br \/>favoriser son accomplissement.<\/p>\t\t\t\t\t\t\t\t<\/div>\n\t\t\t\t<\/div>\n\t\t\t\t\t<\/div>\n\t\t\t\t<\/div>\n\t\t\t\t\t<\/div>\n\t\t\t\t<\/div>\n\t\t<div class=\"elementor-element elementor-element-94b5d02 e-flex e-con-boxed e-con e-parent\" data-id=\"94b5d02\" data-element_type=\"container\" data-e-type=\"container\" data-settings=\"{&quot;background_background&quot;:&quot;classic&quot;}\">\n\t\t\t\t\t<div class=\"e-con-inner\">\n\t\t<div class=\"elementor-element elementor-element-ac128a4 e-con-full e-flex e-con e-child\" data-id=\"ac128a4\" data-element_type=\"container\" data-e-type=\"container\">\n\t\t\t\t<div class=\"elementor-element elementor-element-67cfac8 elementor-widget elementor-widget-image\" data-id=\"67cfac8\" data-element_type=\"widget\" data-e-type=\"widget\" data-widget_type=\"image.default\">\n\t\t\t\t<div class=\"elementor-widget-container\">\n\t\t\t\t\t\t\t\t\t\t\t\t\t\t\t<img decoding=\"async\" width=\"1024\" height=\"1536\" src=\"https:\/\/lerameau-psychotherapie.fr\/wp-content\/uploads\/2025\/05\/Illustration-Christine-ANDROUIN-2-1024x1536.jpg\" class=\"attachment-1536x1536 size-1536x1536 wp-image-279\" alt=\"illustration\" srcset=\"https:\/\/lerameau-psychotherapie.fr\/wp-content\/uploads\/2025\/05\/Illustration-Christine-ANDROUIN-2-1024x1536.jpg 1024w, https:\/\/lerameau-psychotherapie.fr\/wp-content\/uploads\/2025\/05\/Illustration-Christine-ANDROUIN-2-200x300.jpg 200w, https:\/\/lerameau-psychotherapie.fr\/wp-content\/uploads\/2025\/05\/Illustration-Christine-ANDROUIN-2-683x1024.jpg 683w, https:\/\/lerameau-psychotherapie.fr\/wp-content\/uploads\/2025\/05\/Illustration-Christine-ANDROUIN-2-768x1152.jpg 768w, https:\/\/lerameau-psychotherapie.fr\/wp-content\/uploads\/2025\/05\/Illustration-Christine-ANDROUIN-2-1365x2048.jpg 1365w, https:\/\/lerameau-psychotherapie.fr\/wp-content\/uploads\/2025\/05\/Illustration-Christine-ANDROUIN-2-scaled.jpg 1267w\" sizes=\"(max-width: 1024px) 100vw, 1024px\" \/>\t\t\t\t\t\t\t\t\t\t\t\t\t\t\t<\/div>\n\t\t\t\t<\/div>\n\t\t\t\t<div class=\"elementor-element elementor-element-8676c07 elementor-widget elementor-widget-heading\" data-id=\"8676c07\" data-element_type=\"widget\" data-e-type=\"widget\" data-widget_type=\"heading.default\">\n\t\t\t\t<div class=\"elementor-widget-container\">\n\t\t\t\t\t<h3 class=\"elementor-heading-title elementor-size-default\">La souffrance, la confusion, l\u2019incompr\u00e9hension, les \u00e9motions, l\u2019angoisse, la culpabilit\u00e9, le rejet, la maladie\u2026 Tout ce qui conteste la vie<\/h3>\t\t\t\t<\/div>\n\t\t\t\t<\/div>\n\t\t\t\t<div class=\"elementor-element elementor-element-182625f elementor-widget elementor-widget-text-editor\" data-id=\"182625f\" data-element_type=\"widget\" data-e-type=\"widget\" data-widget_type=\"text-editor.default\">\n\t\t\t\t<div class=\"elementor-widget-container\">\n\t\t\t\t\t\t\t\t\t<p>Copyright \u00ab \u00a0Illustration : Gilbert AGUILA \u00bb.<\/p>\t\t\t\t\t\t\t\t<\/div>\n\t\t\t\t<\/div>\n\t\t\t\t<\/div>\n\t\t<div class=\"elementor-element elementor-element-b2fa27d e-con-full e-flex e-con e-child\" data-id=\"b2fa27d\" data-element_type=\"container\" data-e-type=\"container\">\n\t\t\t\t<div class=\"elementor-element elementor-element-cebaa74 elementor-widget elementor-widget-image\" data-id=\"cebaa74\" data-element_type=\"widget\" data-e-type=\"widget\" data-widget_type=\"image.default\">\n\t\t\t\t<div class=\"elementor-widget-container\">\n\t\t\t\t\t\t\t\t\t\t\t\t\t\t\t<img decoding=\"async\" width=\"1024\" height=\"1536\" src=\"https:\/\/lerameau-psychotherapie.fr\/wp-content\/uploads\/2025\/05\/Illustration-Christine-ANDROUIN-1-1024x1536.jpg\" class=\"attachment-1536x1536 size-1536x1536 wp-image-278\" alt=\"illustration\" srcset=\"https:\/\/lerameau-psychotherapie.fr\/wp-content\/uploads\/2025\/05\/Illustration-Christine-ANDROUIN-1-1024x1536.jpg 1024w, https:\/\/lerameau-psychotherapie.fr\/wp-content\/uploads\/2025\/05\/Illustration-Christine-ANDROUIN-1-200x300.jpg 200w, https:\/\/lerameau-psychotherapie.fr\/wp-content\/uploads\/2025\/05\/Illustration-Christine-ANDROUIN-1-683x1024.jpg 683w, https:\/\/lerameau-psychotherapie.fr\/wp-content\/uploads\/2025\/05\/Illustration-Christine-ANDROUIN-1-768x1152.jpg 768w, https:\/\/lerameau-psychotherapie.fr\/wp-content\/uploads\/2025\/05\/Illustration-Christine-ANDROUIN-1-1365x2048.jpg 1365w, https:\/\/lerameau-psychotherapie.fr\/wp-content\/uploads\/2025\/05\/Illustration-Christine-ANDROUIN-1-scaled.jpg 1267w\" sizes=\"(max-width: 1024px) 100vw, 1024px\" \/>\t\t\t\t\t\t\t\t\t\t\t\t\t\t\t<\/div>\n\t\t\t\t<\/div>\n\t\t\t\t<div class=\"elementor-element elementor-element-49ac53b elementor-widget elementor-widget-heading\" data-id=\"49ac53b\" data-element_type=\"widget\" data-e-type=\"widget\" data-widget_type=\"heading.default\">\n\t\t\t\t<div class=\"elementor-widget-container\">\n\t\t\t\t\t<h3 class=\"elementor-heading-title elementor-size-default\">Un avenir avec de l\u2019esp\u00e9rance<\/h3>\t\t\t\t<\/div>\n\t\t\t\t<\/div>\n\t\t\t\t<div class=\"elementor-element elementor-element-e3c8f68 elementor-widget elementor-widget-text-editor\" data-id=\"e3c8f68\" data-element_type=\"widget\" data-e-type=\"widget\" data-widget_type=\"text-editor.default\">\n\t\t\t\t<div class=\"elementor-widget-container\">\n\t\t\t\t\t\t\t\t\t<p>Copyright \u00ab \u00a0Illustration : Gilbert AGUILA \u00bb.<\/p>\t\t\t\t\t\t\t\t<\/div>\n\t\t\t\t<\/div>\n\t\t\t\t<\/div>\n\t\t<div class=\"elementor-element elementor-element-f5ff12a e-con-full e-flex e-con e-child\" data-id=\"f5ff12a\" data-element_type=\"container\" data-e-type=\"container\">\n\t\t\t\t<div class=\"elementor-element elementor-element-3e616aa elementor-widget elementor-widget-image\" data-id=\"3e616aa\" data-element_type=\"widget\" data-e-type=\"widget\" data-widget_type=\"image.default\">\n\t\t\t\t<div class=\"elementor-widget-container\">\n\t\t\t\t\t\t\t\t\t\t\t\t\t\t\t<img loading=\"lazy\" decoding=\"async\" width=\"1024\" height=\"1536\" src=\"https:\/\/lerameau-psychotherapie.fr\/wp-content\/uploads\/2025\/05\/Illustration-Christine-ANDROUIN-3-1024x1536.jpg\" class=\"attachment-1536x1536 size-1536x1536 wp-image-280\" alt=\"illustration\" srcset=\"https:\/\/lerameau-psychotherapie.fr\/wp-content\/uploads\/2025\/05\/Illustration-Christine-ANDROUIN-3-1024x1536.jpg 1024w, https:\/\/lerameau-psychotherapie.fr\/wp-content\/uploads\/2025\/05\/Illustration-Christine-ANDROUIN-3-200x300.jpg 200w, https:\/\/lerameau-psychotherapie.fr\/wp-content\/uploads\/2025\/05\/Illustration-Christine-ANDROUIN-3-683x1024.jpg 683w, https:\/\/lerameau-psychotherapie.fr\/wp-content\/uploads\/2025\/05\/Illustration-Christine-ANDROUIN-3-768x1152.jpg 768w, https:\/\/lerameau-psychotherapie.fr\/wp-content\/uploads\/2025\/05\/Illustration-Christine-ANDROUIN-3-1365x2048.jpg 1365w, https:\/\/lerameau-psychotherapie.fr\/wp-content\/uploads\/2025\/05\/Illustration-Christine-ANDROUIN-3-scaled.jpg 1267w\" sizes=\"(max-width: 1024px) 100vw, 1024px\" \/>\t\t\t\t\t\t\t\t\t\t\t\t\t\t\t<\/div>\n\t\t\t\t<\/div>\n\t\t\t\t<div class=\"elementor-element elementor-element-bb76b83 elementor-widget elementor-widget-heading\" data-id=\"bb76b83\" data-element_type=\"widget\" data-e-type=\"widget\" data-widget_type=\"heading.default\">\n\t\t\t\t<div class=\"elementor-widget-container\">\n\t\t\t\t\t<h3 class=\"elementor-heading-title elementor-size-default\">Pers\u00e9v\u00e9rance dans l\u2019affliction<\/h3>\t\t\t\t<\/div>\n\t\t\t\t<\/div>\n\t\t\t\t<div class=\"elementor-element elementor-element-b244cf8 elementor-widget elementor-widget-text-editor\" data-id=\"b244cf8\" data-element_type=\"widget\" data-e-type=\"widget\" data-widget_type=\"text-editor.default\">\n\t\t\t\t<div class=\"elementor-widget-container\">\n\t\t\t\t\t\t\t\t\t<p>Copyright \u00ab \u00a0Illustration : Gilbert AGUILA \u00bb.<\/p>\t\t\t\t\t\t\t\t<\/div>\n\t\t\t\t<\/div>\n\t\t\t\t<\/div>\n\t\t<div class=\"elementor-element elementor-element-2204656 e-con-full e-flex e-con e-child\" data-id=\"2204656\" data-element_type=\"container\" data-e-type=\"container\">\n\t\t\t\t<div class=\"elementor-element elementor-element-c68c52a elementor-widget elementor-widget-image\" data-id=\"c68c52a\" data-element_type=\"widget\" data-e-type=\"widget\" data-widget_type=\"image.default\">\n\t\t\t\t<div class=\"elementor-widget-container\">\n\t\t\t\t\t\t\t\t\t\t\t\t\t\t\t<img loading=\"lazy\" decoding=\"async\" width=\"1024\" height=\"1536\" src=\"https:\/\/lerameau-psychotherapie.fr\/wp-content\/uploads\/2025\/05\/Illustration-Christine-ANDROUIN-4-1024x1536.jpg\" class=\"attachment-1536x1536 size-1536x1536 wp-image-281\" alt=\"illustration\" srcset=\"https:\/\/lerameau-psychotherapie.fr\/wp-content\/uploads\/2025\/05\/Illustration-Christine-ANDROUIN-4-1024x1536.jpg 1024w, https:\/\/lerameau-psychotherapie.fr\/wp-content\/uploads\/2025\/05\/Illustration-Christine-ANDROUIN-4-200x300.jpg 200w, https:\/\/lerameau-psychotherapie.fr\/wp-content\/uploads\/2025\/05\/Illustration-Christine-ANDROUIN-4-683x1024.jpg 683w, https:\/\/lerameau-psychotherapie.fr\/wp-content\/uploads\/2025\/05\/Illustration-Christine-ANDROUIN-4-768x1152.jpg 768w, https:\/\/lerameau-psychotherapie.fr\/wp-content\/uploads\/2025\/05\/Illustration-Christine-ANDROUIN-4-1365x2048.jpg 1365w, https:\/\/lerameau-psychotherapie.fr\/wp-content\/uploads\/2025\/05\/Illustration-Christine-ANDROUIN-4-scaled.jpg 1267w\" sizes=\"(max-width: 1024px) 100vw, 1024px\" \/>\t\t\t\t\t\t\t\t\t\t\t\t\t\t\t<\/div>\n\t\t\t\t<\/div>\n\t\t\t\t<div class=\"elementor-element elementor-element-56a99f8 elementor-widget elementor-widget-heading\" data-id=\"56a99f8\" data-element_type=\"widget\" data-e-type=\"widget\" data-widget_type=\"heading.default\">\n\t\t\t\t<div class=\"elementor-widget-container\">\n\t\t\t\t\t<h3 class=\"elementor-heading-title elementor-size-default\">La vie a repris ses droits<\/h3>\t\t\t\t<\/div>\n\t\t\t\t<\/div>\n\t\t\t\t<div class=\"elementor-element elementor-element-ad3cea0 elementor-widget elementor-widget-text-editor\" data-id=\"ad3cea0\" data-element_type=\"widget\" data-e-type=\"widget\" data-widget_type=\"text-editor.default\">\n\t\t\t\t<div class=\"elementor-widget-container\">\n\t\t\t\t\t\t\t\t\t<p>Copyright \u00ab \u00a0Illustration : Gilbert AGUILA \u00bb.<\/p>\t\t\t\t\t\t\t\t<\/div>\n\t\t\t\t<\/div>\n\t\t\t\t<\/div>\n\t\t\t\t\t<\/div>\n\t\t\t\t<\/div>\n\t\t<div class=\"elementor-element elementor-element-03bc13f e-flex e-con-boxed e-con e-parent\" data-id=\"03bc13f\" data-element_type=\"container\" data-e-type=\"container\" data-settings=\"{&quot;background_background&quot;:&quot;classic&quot;}\">\n\t\t\t\t\t<div class=\"e-con-inner\">\n\t\t<div class=\"elementor-element elementor-element-0792620 e-con-full e-flex e-con e-child\" data-id=\"0792620\" data-element_type=\"container\" data-e-type=\"container\" data-settings=\"{&quot;background_background&quot;:&quot;classic&quot;}\">\n\t\t\t\t<div class=\"elementor-element elementor-element-59e85d1 elementor-widget elementor-widget-text-editor\" data-id=\"59e85d1\" data-element_type=\"widget\" data-e-type=\"widget\" data-widget_type=\"text-editor.default\">\n\t\t\t\t<div class=\"elementor-widget-container\">\n\t\t\t\t\t\t\t\t\t<p class=\"\" data-start=\"118\" data-end=\"292\">Dans certains cas, le patient peut d\u00e9sirer s\u2019ouvrir \u00e0 la qu\u00eate de sens et aux questions existentielles. Quel est le sens de ma vie ? <br \/>Comment faire face \u00e0 la souffrance ? Que signifie \u00ab \u00eatre en relation \u00bb ? Et si je suis croyant, \u00ab o\u00f9 se trouve Dieu dans ma blessure, <br \/>dans mes luttes, dans la perte travers\u00e9e ? \u00bb.<\/p><p class=\"\" data-start=\"118\" data-end=\"292\">Pour accompagner dans cette profondeur, ma foi m\u2019a amen\u00e9e \u00e0 travailler l\u2019\u00e9quilibre d\u2019une<br \/>position alliant les connaissances du psychisme, mais aussi la dimension biblique du<br \/>fonctionnement de l\u2019\u00e2me humaine. Le chemin de restauration int\u00e9rieure peut alors \u00eatre soutenu et \u00e9clair\u00e9 par les Ecritures.<\/p><p class=\"\" data-start=\"118\" data-end=\"292\">Dans ce cadre, l\u2019accompagnement s\u2019enracine dans la vision d\u2019une humanit\u00e9 soutenue par l\u2019esp\u00e9rance d\u2019un Dieu qui aime les hommes : aucune histoire n\u2019est irr\u00e9versible, aucune blessure n\u2019est trop profonde pour que Dieu ne puisse y faire \u0153uvre de vie. Ce chemin ne<br \/>remplace pas la foi, il l\u2019honore, il la soutient. Il aide \u00e0 remettre en ordre ce qui a \u00e9t\u00e9 ab\u00eem\u00e9, \u00e0<br \/>retrouver la paix, \u00e0 avancer en v\u00e9rit\u00e9\u2026 et \u00e0 se laisser transformer, pas \u00e0 pas.<\/p>\t\t\t\t\t\t\t\t<\/div>\n\t\t\t\t<\/div>\n\t\t\t\t<\/div>\n\t\t\t\t\t<\/div>\n\t\t\t\t<\/div>\n\t\t<div class=\"elementor-element elementor-element-ddcdc64 e-flex e-con-boxed e-con e-parent\" data-id=\"ddcdc64\" data-element_type=\"container\" data-e-type=\"container\" data-settings=\"{&quot;background_background&quot;:&quot;classic&quot;}\">\n\t\t\t\t\t<div class=\"e-con-inner\">\n\t\t<div class=\"elementor-element elementor-element-197aebf e-con-full e-flex e-con e-child\" data-id=\"197aebf\" data-element_type=\"container\" data-e-type=\"container\">\n\t\t\t\t<div class=\"elementor-element elementor-element-6251dbc elementor-position-top elementor-widget elementor-widget-image-box\" data-id=\"6251dbc\" data-element_type=\"widget\" data-e-type=\"widget\" data-widget_type=\"image-box.default\">\n\t\t\t\t<div class=\"elementor-widget-container\">\n\t\t\t\t\t<div class=\"elementor-image-box-wrapper\"><figure class=\"elementor-image-box-img\"><img loading=\"lazy\" decoding=\"async\" width=\"500\" height=\"500\" src=\"https:\/\/lerameau-psychotherapie.fr\/wp-content\/uploads\/2025\/04\/Le-Rameau-3.png\" class=\"attachment-full size-full wp-image-59\" alt=\"colombe avec un rameau\" srcset=\"https:\/\/lerameau-psychotherapie.fr\/wp-content\/uploads\/2025\/04\/Le-Rameau-3.png 500w, https:\/\/lerameau-psychotherapie.fr\/wp-content\/uploads\/2025\/04\/Le-Rameau-3-300x300.png 300w, https:\/\/lerameau-psychotherapie.fr\/wp-content\/uploads\/2025\/04\/Le-Rameau-3-150x150.png 150w\" sizes=\"(max-width: 500px) 100vw, 500px\" \/><\/figure><div class=\"elementor-image-box-content\"><h3 class=\"elementor-image-box-title\">Bible - Psaume 147,3<\/h3><p class=\"elementor-image-box-description\">\u00ab Il gu\u00e9rit ceux qui ont le c\u0153ur bris\u00e9, et Il panse leurs blessures. \u00bb<\/p><\/div><\/div>\t\t\t\t<\/div>\n\t\t\t\t<\/div>\n\t\t\t\t<\/div>\n\t\t\t\t\t<\/div>\n\t\t\t\t<\/div>\n\t\t<div class=\"elementor-element elementor-element-194c173 e-flex e-con-boxed e-con e-parent\" data-id=\"194c173\" data-element_type=\"container\" data-e-type=\"container\" data-settings=\"{&quot;background_background&quot;:&quot;classic&quot;}\">\n\t\t\t\t\t<div class=\"e-con-inner\">\n\t\t<div class=\"elementor-element elementor-element-c0a41f2 e-con-full e-flex e-con e-child\" data-id=\"c0a41f2\" data-element_type=\"container\" data-e-type=\"container\">\n\t\t\t\t<div class=\"elementor-element elementor-element-1dd0bf8 elementor-widget elementor-widget-heading\" data-id=\"1dd0bf8\" data-element_type=\"widget\" data-e-type=\"widget\" data-widget_type=\"heading.default\">\n\t\t\t\t<div class=\"elementor-widget-container\">\n\t\t\t\t\t<h2 class=\"elementor-heading-title elementor-size-default\">A propos <\/h2>\t\t\t\t<\/div>\n\t\t\t\t<\/div>\n\t\t\t\t<div class=\"elementor-element elementor-element-42278a8 elementor-widget elementor-widget-text-editor\" data-id=\"42278a8\" data-element_type=\"widget\" data-e-type=\"widget\" data-widget_type=\"text-editor.default\">\n\t\t\t\t<div class=\"elementor-widget-container\">\n\t\t\t\t\t\t\t\t\t<p>Je me nomme Christine Androuin. Les enfants douloureux pr\u00e9f\u00e8rent m\u2019appeler \u00ab docteur des soucis\u00a0\u00bb.<\/p><p>Apr\u00e8s un parcours sous les feux des projecteurs dans le domaine de la communication grand public, j\u2019ai d\u00e9cid\u00e9 de me reconvertir pour accompagner la personne en souffrance psychique.<\/p><p>Form\u00e9e \u00e0 l\u2019approche acad\u00e9mique par diverses \u00e9coles, j\u2019ai approfondi mes connaissances sur l\u2019\u00e2me humaine par la formation de l\u2019Association des Conseillers Chr\u00e9tiens, puis en art- th\u00e9rapie, par celle de l\u2019Institut Format Personnel Psychiatrique.<\/p><p>Depuis plus de vingt ans maintenant, j\u2019accompagne en Cabinet lib\u00e9ral et sur le chemin th\u00e9rapeutique, toute personne d\u00e9sireuse d\u2019avancer vers une gu\u00e9rison ou une lib\u00e9ration, dans le respect de sa volont\u00e9 et de ses croyances.<br \/>Des s\u00e9minaires et des ateliers interactifs sont aussi propos\u00e9s pour grandir vers la maturit\u00e9 et la libert\u00e9 int\u00e9rieure.<\/p>\t\t\t\t\t\t\t\t<\/div>\n\t\t\t\t<\/div>\n\t\t\t\t<div class=\"elementor-element elementor-element-12b06c1 elementor-align-left elementor-widget elementor-widget-button\" data-id=\"12b06c1\" data-element_type=\"widget\" data-e-type=\"widget\" data-widget_type=\"button.default\">\n\t\t\t\t<div class=\"elementor-widget-container\">\n\t\t\t\t\t\t\t\t\t<div class=\"elementor-button-wrapper\">\n\t\t\t\t\t<a class=\"elementor-button elementor-button-link elementor-size-sm\" href=\"https:\/\/lerameau-psychotherapie.fr\/contact\/\">\n\t\t\t\t\t\t<span class=\"elementor-button-content-wrapper\">\n\t\t\t\t\t\t\t\t\t<span class=\"elementor-button-text\">Me contacter<\/span>\n\t\t\t\t\t<\/span>\n\t\t\t\t\t<\/a>\n\t\t\t\t<\/div>\n\t\t\t\t\t\t\t\t<\/div>\n\t\t\t\t<\/div>\n\t\t\t\t<\/div>\n\t\t<div class=\"elementor-element elementor-element-1797fe9 e-con-full e-flex e-con e-child\" data-id=\"1797fe9\" data-element_type=\"container\" data-e-type=\"container\">\n\t\t\t\t<div class=\"elementor-element elementor-element-cfdfd6e elementor-widget elementor-widget-image\" data-id=\"cfdfd6e\" data-element_type=\"widget\" data-e-type=\"widget\" data-widget_type=\"image.default\">\n\t\t\t\t<div class=\"elementor-widget-container\">\n\t\t\t\t\t\t\t\t\t\t\t\t\t\t\t<img loading=\"lazy\" decoding=\"async\" width=\"694\" height=\"1024\" src=\"https:\/\/lerameau-psychotherapie.fr\/wp-content\/uploads\/2025\/05\/Photo-identite-694x1024.jpg\" class=\"attachment-large size-large wp-image-630\" alt=\"\" srcset=\"https:\/\/lerameau-psychotherapie.fr\/wp-content\/uploads\/2025\/05\/Photo-identite-694x1024.jpg 694w, https:\/\/lerameau-psychotherapie.fr\/wp-content\/uploads\/2025\/05\/Photo-identite-203x300.jpg 203w, https:\/\/lerameau-psychotherapie.fr\/wp-content\/uploads\/2025\/05\/Photo-identite-768x1133.jpg 768w, https:\/\/lerameau-psychotherapie.fr\/wp-content\/uploads\/2025\/05\/Photo-identite.jpg 835w\" sizes=\"(max-width: 694px) 100vw, 694px\" \/>\t\t\t\t\t\t\t\t\t\t\t\t\t\t\t<\/div>\n\t\t\t\t<\/div>\n\t\t\t\t<\/div>\n\t\t\t\t\t<\/div>\n\t\t\t\t<\/div>\n\t\t<div class=\"elementor-element elementor-element-8c32c04 e-con-full e-flex e-con e-parent\" data-id=\"8c32c04\" data-element_type=\"container\" data-e-type=\"container\" data-settings=\"{&quot;background_background&quot;:&quot;classic&quot;}\">\n\t\t<div class=\"elementor-element elementor-element-2c6c743 e-con-full e-flex e-con e-child\" data-id=\"2c6c743\" data-element_type=\"container\" data-e-type=\"container\">\n\t\t\t\t<div class=\"elementor-element elementor-element-af04873 elementor-widget elementor-widget-image\" data-id=\"af04873\" data-element_type=\"widget\" data-e-type=\"widget\" data-widget_type=\"image.default\">\n\t\t\t\t<div class=\"elementor-widget-container\">\n\t\t\t\t\t\t\t\t\t\t\t\t\t\t\t<img loading=\"lazy\" decoding=\"async\" width=\"500\" height=\"500\" src=\"https:\/\/lerameau-psychotherapie.fr\/wp-content\/uploads\/2025\/04\/Le-Rameau-3.png\" class=\"attachment-1536x1536 size-1536x1536 wp-image-59\" alt=\"colombe avec un rameau\" srcset=\"https:\/\/lerameau-psychotherapie.fr\/wp-content\/uploads\/2025\/04\/Le-Rameau-3.png 500w, https:\/\/lerameau-psychotherapie.fr\/wp-content\/uploads\/2025\/04\/Le-Rameau-3-300x300.png 300w, https:\/\/lerameau-psychotherapie.fr\/wp-content\/uploads\/2025\/04\/Le-Rameau-3-150x150.png 150w\" sizes=\"(max-width: 500px) 100vw, 500px\" \/>\t\t\t\t\t\t\t\t\t\t\t\t\t\t\t<\/div>\n\t\t\t\t<\/div>\n\t\t\t\t<div class=\"elementor-element elementor-element-c7e2dc2 elementor-widget elementor-widget-text-editor\" data-id=\"c7e2dc2\" data-element_type=\"widget\" data-e-type=\"widget\" data-widget_type=\"text-editor.default\">\n\t\t\t\t<div class=\"elementor-widget-container\">\n\t\t\t\t\t\t\t\t\t<p>\u00ab\u00a0Si un homme ne na\u00eet de nouveau, il ne peut voir le royaume de Dieu\u00a0\u00bb <strong>Bible &#8211; Jean 3:3-5<\/strong><\/p>\t\t\t\t\t\t\t\t<\/div>\n\t\t\t\t<\/div>\n\t\t\t\t<div class=\"elementor-element elementor-element-4249325 elementor-widget elementor-widget-text-editor\" data-id=\"4249325\" data-element_type=\"widget\" data-e-type=\"widget\" data-widget_type=\"text-editor.default\">\n\t\t\t\t<div class=\"elementor-widget-container\">\n\t\t\t\t\t\t\t\t\t<p><em>\u00ab Nous sommes tous n\u00e9s deux fois : le jour de notre naissance biologique, dont nous n\u2019avons aucun souvenir,<\/em><br \/><em> et le jour de notre naissance \u00e0 la conscience, que nous nous rappelons par d\u00e9finition\u00a0\u00bb<\/em> <br \/><strong>Boris Cyrulnik, neuropsychiatre et \u00e9thologue<\/strong><\/p>\t\t\t\t\t\t\t\t<\/div>\n\t\t\t\t<\/div>\n\t\t\t\t<\/div>\n\t\t\t\t<\/div>\n\t\t<div class=\"elementor-element elementor-element-039e807 e-flex e-con-boxed e-con e-parent\" data-id=\"039e807\" data-element_type=\"container\" data-e-type=\"container\" data-settings=\"{&quot;background_background&quot;:&quot;classic&quot;}\">\n\t\t\t\t\t<div class=\"e-con-inner\">\n\t\t<div class=\"elementor-element elementor-element-c691475 e-con-full e-flex e-con e-child\" data-id=\"c691475\" data-element_type=\"container\" data-e-type=\"container\">\n\t\t\t\t<div class=\"elementor-element elementor-element-38d849f elementor-widget elementor-widget-heading\" data-id=\"38d849f\" data-element_type=\"widget\" data-e-type=\"widget\" data-widget_type=\"heading.default\">\n\t\t\t\t<div class=\"elementor-widget-container\">\n\t\t\t\t\t<h2 class=\"elementor-heading-title elementor-size-default\">Les formations du Rameau<\/h2>\t\t\t\t<\/div>\n\t\t\t\t<\/div>\n\t\t\t\t<div class=\"elementor-element elementor-element-a8cb4f8 elementor-widget elementor-widget-text-editor\" data-id=\"a8cb4f8\" data-element_type=\"widget\" data-e-type=\"widget\" data-widget_type=\"text-editor.default\">\n\t\t\t\t<div class=\"elementor-widget-container\">\n\t\t\t\t\t\t\t\t\t<ul><li class=\"m_-3874029654820008431MsoPlainText\">Trois s\u00e9minaires construits sur des principes et non sur des techniques, avec une vision : transmettre et accompagner les participants vers la maturit\u00e9 d\u2019une identit\u00e9 restaur\u00e9e<br \/><br \/><\/li><li class=\"m_-3874029654820008431MsoPlainText\">Des ateliers organis\u00e9s en petit groupe au Cabinet et sur des th\u00e9matiques pr\u00e9cises<br \/>Des interventions \u00e0 la demande (en France et \u00e0 l\u2019\u00e9tranger)<\/li><\/ul>\t\t\t\t\t\t\t\t<\/div>\n\t\t\t\t<\/div>\n\t\t\t\t<div class=\"elementor-element elementor-element-027eadf elementor-align-left elementor-widget elementor-widget-button\" data-id=\"027eadf\" data-element_type=\"widget\" data-e-type=\"widget\" data-widget_type=\"button.default\">\n\t\t\t\t<div class=\"elementor-widget-container\">\n\t\t\t\t\t\t\t\t\t<div class=\"elementor-button-wrapper\">\n\t\t\t\t\t<a class=\"elementor-button elementor-button-link elementor-size-sm\" href=\"https:\/\/lerameau-psychotherapie.fr\/seminaires\/\">\n\t\t\t\t\t\t<span class=\"elementor-button-content-wrapper\">\n\t\t\t\t\t\t\t\t\t<span class=\"elementor-button-text\">En savoir plus<\/span>\n\t\t\t\t\t<\/span>\n\t\t\t\t\t<\/a>\n\t\t\t\t<\/div>\n\t\t\t\t\t\t\t\t<\/div>\n\t\t\t\t<\/div>\n\t\t\t\t<\/div>\n\t\t<div class=\"elementor-element elementor-element-199f716 e-con-full e-flex e-con e-child\" data-id=\"199f716\" data-element_type=\"container\" data-e-type=\"container\">\n\t\t\t\t<div class=\"elementor-element elementor-element-da29218 elementor-widget elementor-widget-image\" data-id=\"da29218\" data-element_type=\"widget\" data-e-type=\"widget\" data-widget_type=\"image.default\">\n\t\t\t\t<div class=\"elementor-widget-container\">\n\t\t\t\t\t\t\t\t\t\t\t\t\t\t\t<img loading=\"lazy\" decoding=\"async\" width=\"500\" height=\"500\" src=\"https:\/\/lerameau-psychotherapie.fr\/wp-content\/uploads\/2025\/05\/1-1.png\" class=\"attachment-1536x1536 size-1536x1536 wp-image-489\" alt=\"colombe rameau\" srcset=\"https:\/\/lerameau-psychotherapie.fr\/wp-content\/uploads\/2025\/05\/1-1.png 500w, https:\/\/lerameau-psychotherapie.fr\/wp-content\/uploads\/2025\/05\/1-1-300x300.png 300w, https:\/\/lerameau-psychotherapie.fr\/wp-content\/uploads\/2025\/05\/1-1-150x150.png 150w\" sizes=\"(max-width: 500px) 100vw, 500px\" \/>\t\t\t\t\t\t\t\t\t\t\t\t\t\t\t<\/div>\n\t\t\t\t<\/div>\n\t\t\t\t<\/div>\n\t\t\t\t\t<\/div>\n\t\t\t\t<\/div>\n\t\t\t\t<\/div>\n\t\t","protected":false},"excerpt":{"rendered":"<p>LE RAMEAU Cabinet de psychoth\u00e9rapie Formations Bienvenue au Rameau Je vous souhaite la bienvenue au Rameau, un engagement au service [&hellip;]<\/p>\n","protected":false},"author":1,"featured_media":0,"parent":0,"menu_order":0,"comment_status":"closed","ping_status":"closed","template":"","meta":{"site-sidebar-layout":"no-sidebar","site-content-layout":"","ast-site-content-layout":"full-width-container","site-content-style":"default","site-sidebar-style":"default","ast-global-header-display":"","ast-banner-title-visibility":"","ast-main-header-display":"","ast-hfb-above-header-display":"","ast-hfb-below-header-display":"","ast-hfb-mobile-header-display":"","site-post-title":"disabled","ast-breadcrumbs-content":"","ast-featured-img":"disabled","footer-sml-layout":"","ast-disable-related-posts":"","theme-transparent-header-meta":"","adv-header-id-meta":"","stick-header-meta":"","header-above-stick-meta":"","header-main-stick-meta":"","header-below-stick-meta":"","astra-migrate-meta-layouts":"default","ast-page-background-enabled":"default","ast-page-background-meta":{"desktop":{"background-color":"var(--ast-global-color-5)","background-image":"","background-repeat":"repeat","background-position":"center center","background-size":"auto","background-attachment":"scroll","background-type":"","background-media":"","overlay-type":"","overlay-color":"","overlay-opacity":"","overlay-gradient":""},"tablet":{"background-color":"","background-image":"","background-repeat":"repeat","background-position":"center center","background-size":"auto","background-attachment":"scroll","background-type":"","background-media":"","overlay-type":"","overlay-color":"","overlay-opacity":"","overlay-gradient":""},"mobile":{"background-color":"","background-image":"","background-repeat":"repeat","background-position":"center center","background-size":"auto","background-attachment":"scroll","background-type":"","background-media":"","overlay-type":"","overlay-color":"","overlay-opacity":"","overlay-gradient":""}},"ast-content-background-meta":{"desktop":{"background-color":"var(--ast-global-color-4)","background-image":"","background-repeat":"repeat","background-position":"center center","background-size":"auto","background-attachment":"scroll","background-type":"","background-media":"","overlay-type":"","overlay-color":"","overlay-opacity":"","overlay-gradient":""},"tablet":{"background-color":"var(--ast-global-color-4)","background-image":"","background-repeat":"repeat","background-position":"center center","background-size":"auto","background-attachment":"scroll","background-type":"","background-media":"","overlay-type":"","overlay-color":"","overlay-opacity":"","overlay-gradient":""},"mobile":{"background-color":"var(--ast-global-color-4)","background-image":"","background-repeat":"repeat","background-position":"center center","background-size":"auto","background-attachment":"scroll","background-type":"","background-media":"","overlay-type":"","overlay-color":"","overlay-opacity":"","overlay-gradient":""}},"footnotes":""},"class_list":["post-15","page","type-page","status-publish","hentry"],"yoast_head":"<!-- This site is optimized with the Yoast SEO plugin v27.3 - https:\/\/yoast.com\/product\/yoast-seo-wordpress\/ -->\n<title>Cabinet psychoth\u00e9rapie \u00e0 Jonage- Le rameau<\/title>\n<meta name=\"description\" content=\"Cabinet de psychoth\u00e9rapie \u00e0 Jonage \u2013 Accompagnement bienveillant et personnalis\u00e9, prenez rendez-vous d\u00e8s aujourd\u2019hui.\" \/>\n<meta name=\"robots\" content=\"index, follow, max-snippet:-1, max-image-preview:large, max-video-preview:-1\" \/>\n<link rel=\"canonical\" href=\"https:\/\/lerameau-psychotherapie.fr\/\" \/>\n<meta property=\"og:locale\" content=\"fr_FR\" \/>\n<meta property=\"og:type\" content=\"article\" \/>\n<meta property=\"og:title\" content=\"Cabinet psychoth\u00e9rapie \u00e0 Jonage- Le rameau\" \/>\n<meta property=\"og:description\" content=\"Cabinet de psychoth\u00e9rapie \u00e0 Jonage \u2013 Accompagnement bienveillant et personnalis\u00e9, prenez rendez-vous d\u00e8s aujourd\u2019hui.\" \/>\n<meta property=\"og:url\" content=\"https:\/\/lerameau-psychotherapie.fr\/\" \/>\n<meta property=\"og:site_name\" content=\"Le rameau\" \/>\n<meta property=\"article:modified_time\" content=\"2025-05-30T14:32:53+00:00\" \/>\n<meta property=\"og:image\" content=\"https:\/\/lerameau-psychotherapie.fr\/wp-content\/uploads\/2025\/05\/36733-1536x1025.jpg\" \/>\n<meta name=\"twitter:card\" content=\"summary_large_image\" \/>\n<meta name=\"twitter:label1\" content=\"Dur\u00e9e de lecture estim\u00e9e\" \/>\n\t<meta name=\"twitter:data1\" content=\"6 minutes\" \/>\n<script type=\"application\/ld+json\" class=\"yoast-schema-graph\">{\"@context\":\"https:\\\/\\\/schema.org\",\"@graph\":[{\"@type\":\"WebPage\",\"@id\":\"https:\\\/\\\/lerameau-psychotherapie.fr\\\/\",\"url\":\"https:\\\/\\\/lerameau-psychotherapie.fr\\\/\",\"name\":\"Cabinet psychoth\u00e9rapie \u00e0 Jonage- Le rameau\",\"isPartOf\":{\"@id\":\"https:\\\/\\\/lerameau-psychotherapie.fr\\\/#website\"},\"primaryImageOfPage\":{\"@id\":\"https:\\\/\\\/lerameau-psychotherapie.fr\\\/#primaryimage\"},\"image\":{\"@id\":\"https:\\\/\\\/lerameau-psychotherapie.fr\\\/#primaryimage\"},\"thumbnailUrl\":\"https:\\\/\\\/lerameau-psychotherapie.fr\\\/wp-content\\\/uploads\\\/2025\\\/05\\\/36733-1536x1025.jpg\",\"datePublished\":\"2025-04-21T09:18:19+00:00\",\"dateModified\":\"2025-05-30T14:32:53+00:00\",\"description\":\"Cabinet de psychoth\u00e9rapie \u00e0 Jonage \u2013 Accompagnement bienveillant et personnalis\u00e9, prenez rendez-vous d\u00e8s aujourd\u2019hui.\",\"breadcrumb\":{\"@id\":\"https:\\\/\\\/lerameau-psychotherapie.fr\\\/#breadcrumb\"},\"inLanguage\":\"fr-FR\",\"potentialAction\":[{\"@type\":\"ReadAction\",\"target\":[\"https:\\\/\\\/lerameau-psychotherapie.fr\\\/\"]}]},{\"@type\":\"ImageObject\",\"inLanguage\":\"fr-FR\",\"@id\":\"https:\\\/\\\/lerameau-psychotherapie.fr\\\/#primaryimage\",\"url\":\"https:\\\/\\\/lerameau-psychotherapie.fr\\\/wp-content\\\/uploads\\\/2025\\\/05\\\/36733.jpg\",\"contentUrl\":\"https:\\\/\\\/lerameau-psychotherapie.fr\\\/wp-content\\\/uploads\\\/2025\\\/05\\\/36733.jpg\",\"width\":1900,\"height\":1268,\"caption\":\"arbre ensoleill\u00e9\"},{\"@type\":\"BreadcrumbList\",\"@id\":\"https:\\\/\\\/lerameau-psychotherapie.fr\\\/#breadcrumb\",\"itemListElement\":[{\"@type\":\"ListItem\",\"position\":1,\"name\":\"Accueil\",\"item\":\"https:\\\/\\\/lerameau-psychotherapie.fr\\\/\"},{\"@type\":\"ListItem\",\"position\":2,\"name\":\"Accueil\"}]},{\"@type\":\"WebSite\",\"@id\":\"https:\\\/\\\/lerameau-psychotherapie.fr\\\/#website\",\"url\":\"https:\\\/\\\/lerameau-psychotherapie.fr\\\/\",\"name\":\"Le rameau\",\"description\":\"Cabinet de Psychoth&eacute;rapie\",\"publisher\":{\"@id\":\"https:\\\/\\\/lerameau-psychotherapie.fr\\\/#organization\"},\"potentialAction\":[{\"@type\":\"SearchAction\",\"target\":{\"@type\":\"EntryPoint\",\"urlTemplate\":\"https:\\\/\\\/lerameau-psychotherapie.fr\\\/?s={search_term_string}\"},\"query-input\":{\"@type\":\"PropertyValueSpecification\",\"valueRequired\":true,\"valueName\":\"search_term_string\"}}],\"inLanguage\":\"fr-FR\"},{\"@type\":\"Organization\",\"@id\":\"https:\\\/\\\/lerameau-psychotherapie.fr\\\/#organization\",\"name\":\"Le rameau\",\"url\":\"https:\\\/\\\/lerameau-psychotherapie.fr\\\/\",\"logo\":{\"@type\":\"ImageObject\",\"inLanguage\":\"fr-FR\",\"@id\":\"https:\\\/\\\/lerameau-psychotherapie.fr\\\/#\\\/schema\\\/logo\\\/image\\\/\",\"url\":\"https:\\\/\\\/lerameau-psychotherapie.fr\\\/wp-content\\\/uploads\\\/2025\\\/04\\\/Sprout-1-1.png\",\"contentUrl\":\"https:\\\/\\\/lerameau-psychotherapie.fr\\\/wp-content\\\/uploads\\\/2025\\\/04\\\/Sprout-1-1.png\",\"width\":456,\"height\":300,\"caption\":\"Le rameau\"},\"image\":{\"@id\":\"https:\\\/\\\/lerameau-psychotherapie.fr\\\/#\\\/schema\\\/logo\\\/image\\\/\"}}]}<\/script>\n<!-- \/ Yoast SEO plugin. -->","yoast_head_json":{"title":"Cabinet psychoth\u00e9rapie \u00e0 Jonage- Le rameau","description":"Cabinet de psychoth\u00e9rapie \u00e0 Jonage \u2013 Accompagnement bienveillant et personnalis\u00e9, prenez rendez-vous d\u00e8s aujourd\u2019hui.","robots":{"index":"index","follow":"follow","max-snippet":"max-snippet:-1","max-image-preview":"max-image-preview:large","max-video-preview":"max-video-preview:-1"},"canonical":"https:\/\/lerameau-psychotherapie.fr\/","og_locale":"fr_FR","og_type":"article","og_title":"Cabinet psychoth\u00e9rapie \u00e0 Jonage- Le rameau","og_description":"Cabinet de psychoth\u00e9rapie \u00e0 Jonage \u2013 Accompagnement bienveillant et personnalis\u00e9, prenez rendez-vous d\u00e8s aujourd\u2019hui.","og_url":"https:\/\/lerameau-psychotherapie.fr\/","og_site_name":"Le rameau","article_modified_time":"2025-05-30T14:32:53+00:00","og_image":[{"url":"https:\/\/lerameau-psychotherapie.fr\/wp-content\/uploads\/2025\/05\/36733-1536x1025.jpg","type":"","width":"","height":""}],"twitter_card":"summary_large_image","twitter_misc":{"Dur\u00e9e de lecture estim\u00e9e":"6 minutes"},"schema":{"@context":"https:\/\/schema.org","@graph":[{"@type":"WebPage","@id":"https:\/\/lerameau-psychotherapie.fr\/","url":"https:\/\/lerameau-psychotherapie.fr\/","name":"Cabinet psychoth\u00e9rapie \u00e0 Jonage- Le rameau","isPartOf":{"@id":"https:\/\/lerameau-psychotherapie.fr\/#website"},"primaryImageOfPage":{"@id":"https:\/\/lerameau-psychotherapie.fr\/#primaryimage"},"image":{"@id":"https:\/\/lerameau-psychotherapie.fr\/#primaryimage"},"thumbnailUrl":"https:\/\/lerameau-psychotherapie.fr\/wp-content\/uploads\/2025\/05\/36733-1536x1025.jpg","datePublished":"2025-04-21T09:18:19+00:00","dateModified":"2025-05-30T14:32:53+00:00","description":"Cabinet de psychoth\u00e9rapie \u00e0 Jonage \u2013 Accompagnement bienveillant et personnalis\u00e9, prenez rendez-vous d\u00e8s aujourd\u2019hui.","breadcrumb":{"@id":"https:\/\/lerameau-psychotherapie.fr\/#breadcrumb"},"inLanguage":"fr-FR","potentialAction":[{"@type":"ReadAction","target":["https:\/\/lerameau-psychotherapie.fr\/"]}]},{"@type":"ImageObject","inLanguage":"fr-FR","@id":"https:\/\/lerameau-psychotherapie.fr\/#primaryimage","url":"https:\/\/lerameau-psychotherapie.fr\/wp-content\/uploads\/2025\/05\/36733.jpg","contentUrl":"https:\/\/lerameau-psychotherapie.fr\/wp-content\/uploads\/2025\/05\/36733.jpg","width":1900,"height":1268,"caption":"arbre ensoleill\u00e9"},{"@type":"BreadcrumbList","@id":"https:\/\/lerameau-psychotherapie.fr\/#breadcrumb","itemListElement":[{"@type":"ListItem","position":1,"name":"Accueil","item":"https:\/\/lerameau-psychotherapie.fr\/"},{"@type":"ListItem","position":2,"name":"Accueil"}]},{"@type":"WebSite","@id":"https:\/\/lerameau-psychotherapie.fr\/#website","url":"https:\/\/lerameau-psychotherapie.fr\/","name":"Le rameau","description":"Cabinet de Psychoth&eacute;rapie","publisher":{"@id":"https:\/\/lerameau-psychotherapie.fr\/#organization"},"potentialAction":[{"@type":"SearchAction","target":{"@type":"EntryPoint","urlTemplate":"https:\/\/lerameau-psychotherapie.fr\/?s={search_term_string}"},"query-input":{"@type":"PropertyValueSpecification","valueRequired":true,"valueName":"search_term_string"}}],"inLanguage":"fr-FR"},{"@type":"Organization","@id":"https:\/\/lerameau-psychotherapie.fr\/#organization","name":"Le rameau","url":"https:\/\/lerameau-psychotherapie.fr\/","logo":{"@type":"ImageObject","inLanguage":"fr-FR","@id":"https:\/\/lerameau-psychotherapie.fr\/#\/schema\/logo\/image\/","url":"https:\/\/lerameau-psychotherapie.fr\/wp-content\/uploads\/2025\/04\/Sprout-1-1.png","contentUrl":"https:\/\/lerameau-psychotherapie.fr\/wp-content\/uploads\/2025\/04\/Sprout-1-1.png","width":456,"height":300,"caption":"Le rameau"},"image":{"@id":"https:\/\/lerameau-psychotherapie.fr\/#\/schema\/logo\/image\/"}}]}},"_links":{"self":[{"href":"https:\/\/lerameau-psychotherapie.fr\/index.php?rest_route=\/wp\/v2\/pages\/15","targetHints":{"allow":["GET"]}}],"collection":[{"href":"https:\/\/lerameau-psychotherapie.fr\/index.php?rest_route=\/wp\/v2\/pages"}],"about":[{"href":"https:\/\/lerameau-psychotherapie.fr\/index.php?rest_route=\/wp\/v2\/types\/page"}],"author":[{"embeddable":true,"href":"https:\/\/lerameau-psychotherapie.fr\/index.php?rest_route=\/wp\/v2\/users\/1"}],"replies":[{"embeddable":true,"href":"https:\/\/lerameau-psychotherapie.fr\/index.php?rest_route=%2Fwp%2Fv2%2Fcomments&post=15"}],"version-history":[{"count":275,"href":"https:\/\/lerameau-psychotherapie.fr\/index.php?rest_route=\/wp\/v2\/pages\/15\/revisions"}],"predecessor-version":[{"id":653,"href":"https:\/\/lerameau-psychotherapie.fr\/index.php?rest_route=\/wp\/v2\/pages\/15\/revisions\/653"}],"wp:attachment":[{"href":"https:\/\/lerameau-psychotherapie.fr\/index.php?rest_route=%2Fwp%2Fv2%2Fmedia&parent=15"}],"curies":[{"name":"wp","href":"https:\/\/api.w.org\/{rel}","templated":true}]}}